{"id":1545,"date":"2023-03-30T15:28:16","date_gmt":"2023-03-30T13:28:16","guid":{"rendered":"https:\/\/blog.naree.pl\/?page_id=1545"},"modified":"2025-03-11T14:45:35","modified_gmt":"2025-03-11T13:45:35","slug":"blog","status":"publish","type":"page","link":"https:\/\/naree.pl\/blog\/blog\/","title":{"rendered":"blog"},"content":{"rendered":"<div class=\"fusion-fullwidth fullwidth-box fusion-builder-row-1 fusion-flex-container has-pattern-background has-mask-background nonhundred-percent-fullwidth non-hundred-percent-height-scrolling\" style=\"--awb-border-radius-top-left:0px;--awb-border-radius-top-right:0px;--awb-border-radius-bottom-right:0px;--awb-border-radius-bottom-left:0px;--awb-padding-top:100px;--awb-padding-right:0px;--awb-padding-left:0px;--awb-padding-top-medium:100px;--awb-padding-top-small:100px;--awb-padding-right-small:0px;--awb-padding-left-small:0px;--awb-flex-wrap:wrap;\" ><div class=\"fusion-builder-row fusion-row fusion-flex-align-items-flex-start fusion-flex-content-wrap\" style=\"max-width:1248px;margin-left: calc(-4% \/ 2 );margin-right: calc(-4% \/ 2 );\"><div class=\"fusion-layout-column fusion_builder_column fusion-builder-column-0 fusion_builder_column_1_1 1_1 fusion-flex-column\" style=\"--awb-bg-size:cover;--awb-width-large:100%;--awb-margin-top-large:0px;--awb-spacing-right-large:1.92%;--awb-margin-bottom-large:0px;--awb-spacing-left-large:1.92%;--awb-width-medium:100%;--awb-order-medium:0;--awb-spacing-right-medium:1.92%;--awb-spacing-left-medium:1.92%;--awb-width-small:100%;--awb-order-small:0;--awb-spacing-right-small:1.92%;--awb-spacing-left-small:1.92%;\"><div class=\"fusion-column-wrapper fusion-column-has-shadow fusion-flex-justify-content-flex-start fusion-content-layout-column\"><div class=\"fusion-blog-shortcode fusion-blog-shortcode-1 fusion-blog-archive fusion-blog-layout-grid-wrapper fusion-blog-pagination fusion-blog-layout-center\" style=\"--awb-title-font-size:26px;--awb-title-line-height:var(--awb-typography1-line-height);--awb-title-letter-spacing:var(--awb-typography1-letter-spacing);--awb-title-text-transform:var(--awb-typography1-text-transform);--awb-timeline-title-font-size:26px;--awb-timeline-title-line-height:var(--awb-typography1-line-height);--awb-timeline-title-letter-spacing:var(--awb-typography1-letter-spacing);--awb-timeline-title-text-transform:var(--awb-typography1-text-transform);--awb-title-font-family:var(--awb-typography1-font-family);--awb-title-font-weight:var(--awb-typography1-font-weight);--awb-title-font-style:var(--awb-typography1-font-style);--awb-timeline-title-font-family:var(--awb-typography1-font-family);--awb-timeline-title-font-weight:var(--awb-typography1-font-weight);--awb-timeline-title-font-style:var(--awb-typography1-font-style);--grid_separator_color:hsla(var(--awb-color1-h),var(--awb-color1-s),var(--awb-color1-l),calc(var(--awb-color1-a) - 100%));\"><style type=\"text\/css\">.fusion-blog-shortcode-1 .fusion-blog-layout-grid .fusion-post-grid{padding:10px;}.fusion-blog-shortcode-1 .fusion-posts-container{margin-left: -10px !important; margin-right:-10px !important;}<\/style><div class=\"fusion-posts-container fusion-posts-container-pagination fusion-blog-rollover fusion-blog-layout-grid fusion-blog-layout-grid-3 isotope fusion-blog-equal-heights\" data-pages=\"7\" data-grid-col-space=\"20\" style=\"margin: -10px -10px 0;min-height:500px;\"><article id=\"blog-1-post-7363\" class=\"fusion-post-grid post-7363 post type-post status-publish format-standard has-post-thumbnail hentry category-porady\">\n<div class=\"fusion-post-wrapper\" style=\"background-color:hsla(var(--awb-color1-h),var(--awb-color1-s),var(--awb-color1-l),calc(var(--awb-color1-a) - 100%));border:none;\">\n\n\t\t\t<div class=\"fusion-flexslider flexslider fusion-flexslider-loading fusion-post-slideshow\" style=\"border-color:hsla(var(--awb-color1-h),var(--awb-color1-s),var(--awb-color1-l),calc(var(--awb-color1-a) - 100%));\">\n\t\t<ul class=\"slides\">\n\t\t\t\n\t\t\t\t\t\t\t\t\t\t\t\t\t\t<li><div  class=\"fusion-image-wrapper\" aria-haspopup=\"true\">\n\t\t\t\t<img decoding=\"async\" width=\"800\" height=\"1000\" src=\"https:\/\/naree.pl\/blog\/wp-content\/uploads\/2026\/04\/Projekt-bez-nazwy-56.jpg\" class=\"attachment-full size-full wp-post-image\" alt=\"\" srcset=\"https:\/\/naree.pl\/blog\/wp-content\/uploads\/2026\/04\/Projekt-bez-nazwy-56-200x250.jpg 200w, https:\/\/naree.pl\/blog\/wp-content\/uploads\/2026\/04\/Projekt-bez-nazwy-56-400x500.jpg 400w, https:\/\/naree.pl\/blog\/wp-content\/uploads\/2026\/04\/Projekt-bez-nazwy-56-600x750.jpg 600w, https:\/\/naree.pl\/blog\/wp-content\/uploads\/2026\/04\/Projekt-bez-nazwy-56.jpg 800w\" sizes=\"(min-width: 2200px) 100vw, (min-width: 784px) 387px, (min-width: 712px) 580px, (min-width: 640px) 712px, \" \/><div class=\"fusion-rollover\">\n\t<div class=\"fusion-rollover-content\">\n\n\t\t\t\t\n\t\t\n\t\t\t\t\t\t\t\t\t\t\t\t<h4 class=\"fusion-rollover-title\">\n\t\t\t\t\t<a class=\"fusion-rollover-title-link\" href=\"https:\/\/naree.pl\/blog\/spodnie-do-biura\/\">\n\t\t\t\t\t\tSpodnie do biura: 10 modeli &#8211; jakie kupi\u0107 do biura z dress code i bez?\t\t\t\t\t<\/a>\n\t\t\t\t<\/h4>\n\t\t\t\n\t\t\t\t\t\t\t\t\t\t<div class=\"fusion-rollover-categories\"><a href=\"https:\/\/naree.pl\/blog\/category\/porady\/\" rel=\"tag\">Porady<\/a><\/div>\t\t\t\t\t\n\t\t\n\t\t\t\t\t\t<a class=\"fusion-link-wrapper\" href=\"https:\/\/naree.pl\/blog\/spodnie-do-biura\/\" aria-label=\"Spodnie do biura: 10 modeli &#8211; jakie kupi\u0107 do biura z dress code i bez?\"><\/a>\n\t<\/div>\n<\/div>\n<\/div>\n<\/li>\n\t\t\t\n\t\t\t\n\t\t\t\t\t\t\t\t<\/ul>\n\t<\/div>\n\t<div class=\"fusion-post-content-wrapper\" style=\"padding:30px 25px 25px 25px;\"><div class=\"fusion-post-content post-content\"><h2 class=\"blog-shortcode-post-title entry-title\"><a href=\"https:\/\/naree.pl\/blog\/spodnie-do-biura\/\">Spodnie do biura: 10 modeli &#8211; jakie kupi\u0107 do biura z dress code i bez?<\/a><\/h2><p class=\"fusion-single-line-meta\"><span class=\"vcard\" style=\"display: none;\"><span class=\"fn\"><a href=\"https:\/\/naree.pl\/blog\/author\/justyna-goreckanaree-pl\/\" title=\"Wpisy od Justyna G\u00f3recka\" rel=\"author\">Justyna G\u00f3recka<\/a><\/span><\/span><span class=\"updated\" style=\"display:none;\">2026-04-07T08:05:30+02:00<\/span><span>1 kwietnia, 2026<\/span><span class=\"fusion-inline-sep\">|<\/span><a href=\"https:\/\/naree.pl\/blog\/category\/porady\/\" rel=\"category tag\">Porady<\/a><span class=\"fusion-inline-sep\">|<\/span><\/p><div class=\"fusion-content-sep sep-none\"><\/div><div class=\"fusion-post-content-container\"><p>          Spodnie do biura powinny by\u0107 eleganckie i zapewnia\u0107 wygod\u0119, kt\u00f3ra pozwala czu\u0107 si\u0119 komfortowo przez ca\u0142y dzie\u0144. Znaczenie ma naturalny materia\u0142, wygodny noszeniu i dopracowany kr\u00f3j, kt\u00f3ry nie kr\u0119puje ruch\u00f3w i daje swobod\u0119 w codziennym u\u017cytkowaniu. Niezale\u017cnie od tego, czy w miejscu pracy obowi\u0105zuje formalny dress code, czy mo\u017cna pozwoli\u0107 [...]<\/p><\/div><\/div><\/div><div class=\"fusion-clearfix\"><\/div><\/div>\n<\/article>\n<article id=\"blog-1-post-6722\" class=\"fusion-post-grid post-6722 post type-post status-publish format-standard has-post-thumbnail hentry category-porady\">\n<div class=\"fusion-post-wrapper\" style=\"background-color:hsla(var(--awb-color1-h),var(--awb-color1-s),var(--awb-color1-l),calc(var(--awb-color1-a) - 100%));border:none;\">\n\n\t\t\t<div class=\"fusion-flexslider flexslider fusion-flexslider-loading fusion-post-slideshow\" style=\"border-color:hsla(var(--awb-color1-h),var(--awb-color1-s),var(--awb-color1-l),calc(var(--awb-color1-a) - 100%));\">\n\t\t<ul class=\"slides\">\n\t\t\t\n\t\t\t\t\t\t\t\t\t\t\t\t\t\t<li><div  class=\"fusion-image-wrapper\" aria-haspopup=\"true\">\n\t\t\t\t<img decoding=\"async\" width=\"800\" height=\"1000\" src=\"https:\/\/naree.pl\/blog\/wp-content\/uploads\/2025\/12\/Projekt-bez-nazwy-21.jpg\" class=\"attachment-full size-full wp-post-image\" alt=\"d\u0142ugie jeansy dla wysokich\" srcset=\"https:\/\/naree.pl\/blog\/wp-content\/uploads\/2025\/12\/Projekt-bez-nazwy-21-200x250.jpg 200w, https:\/\/naree.pl\/blog\/wp-content\/uploads\/2025\/12\/Projekt-bez-nazwy-21-400x500.jpg 400w, https:\/\/naree.pl\/blog\/wp-content\/uploads\/2025\/12\/Projekt-bez-nazwy-21-600x750.jpg 600w, https:\/\/naree.pl\/blog\/wp-content\/uploads\/2025\/12\/Projekt-bez-nazwy-21.jpg 800w\" sizes=\"(min-width: 2200px) 100vw, (min-width: 784px) 387px, (min-width: 712px) 580px, (min-width: 640px) 712px, \" \/><div class=\"fusion-rollover\">\n\t<div class=\"fusion-rollover-content\">\n\n\t\t\t\t\n\t\t\n\t\t\t\t\t\t\t\t\t\t\t\t<h4 class=\"fusion-rollover-title\">\n\t\t\t\t\t<a class=\"fusion-rollover-title-link\" href=\"https:\/\/naree.pl\/blog\/dlugie-spodnie-damskie-dla-wysokich\/\">\n\t\t\t\t\t\tSpodnie dla wysokich kobiet &#8211; 5 modeli spodni dla kobiet 180cm wzrostu\t\t\t\t\t<\/a>\n\t\t\t\t<\/h4>\n\t\t\t\n\t\t\t\t\t\t\t\t\t\t<div class=\"fusion-rollover-categories\"><a href=\"https:\/\/naree.pl\/blog\/category\/porady\/\" rel=\"tag\">Porady<\/a><\/div>\t\t\t\t\t\n\t\t\n\t\t\t\t\t\t<a class=\"fusion-link-wrapper\" href=\"https:\/\/naree.pl\/blog\/dlugie-spodnie-damskie-dla-wysokich\/\" aria-label=\"Spodnie dla wysokich kobiet &#8211; 5 modeli spodni dla kobiet 180cm wzrostu\"><\/a>\n\t<\/div>\n<\/div>\n<\/div>\n<\/li>\n\t\t\t\n\t\t\t\n\t\t\t\t\t\t\t\t<\/ul>\n\t<\/div>\n\t<div class=\"fusion-post-content-wrapper\" style=\"padding:30px 25px 25px 25px;\"><div class=\"fusion-post-content post-content\"><h2 class=\"blog-shortcode-post-title entry-title\"><a href=\"https:\/\/naree.pl\/blog\/dlugie-spodnie-damskie-dla-wysokich\/\">Spodnie dla wysokich kobiet &#8211; 5 modeli spodni dla kobiet 180cm wzrostu<\/a><\/h2><p class=\"fusion-single-line-meta\"><span class=\"vcard\" style=\"display: none;\"><span class=\"fn\"><a href=\"https:\/\/naree.pl\/blog\/author\/justyna-goreckanaree-pl\/\" title=\"Wpisy od Justyna G\u00f3recka\" rel=\"author\">Justyna G\u00f3recka<\/a><\/span><\/span><span class=\"updated\" style=\"display:none;\">2026-03-31T14:47:35+02:00<\/span><span>31 marca, 2026<\/span><span class=\"fusion-inline-sep\">|<\/span><a href=\"https:\/\/naree.pl\/blog\/category\/porady\/\" rel=\"category tag\">Porady<\/a><span class=\"fusion-inline-sep\">|<\/span><\/p><div class=\"fusion-content-sep sep-none\"><\/div><div class=\"fusion-post-content-container\"><p>          Znalezienie spodni, kt\u00f3re nie ko\u0144cz\u0105 si\u0119 nad kostk\u0105, to wyzwanie, kt\u00f3re zna wiele kobiet o wzro\u015bcie powy\u017cej 175 cm. Standardowa rozmiar\u00f3wka po prostu nie uwzgl\u0119dnia d\u0142ugich n\u00f3g \u2013 i tu zaczyna si\u0119 frustracja.         Zobacz d\u0142ugie spodnie damskie dla wysokich polskiej marki \u25bc [...]<\/p><\/div><\/div><\/div><div class=\"fusion-clearfix\"><\/div><\/div>\n<\/article>\n<article id=\"blog-1-post-7349\" class=\"fusion-post-grid post-7349 post type-post status-publish format-standard has-post-thumbnail hentry category-media-o-nas\">\n<div class=\"fusion-post-wrapper\" style=\"background-color:hsla(var(--awb-color1-h),var(--awb-color1-s),var(--awb-color1-l),calc(var(--awb-color1-a) - 100%));border:none;\">\n\n\t\t\t<div class=\"fusion-flexslider flexslider fusion-flexslider-loading fusion-post-slideshow\" style=\"border-color:hsla(var(--awb-color1-h),var(--awb-color1-s),var(--awb-color1-l),calc(var(--awb-color1-a) - 100%));\">\n\t\t<ul class=\"slides\">\n\t\t\t\n\t\t\t\t\t\t\t\t\t\t\t\t\t\t<li><div  class=\"fusion-image-wrapper\" aria-haspopup=\"true\">\n\t\t\t\t<img decoding=\"async\" width=\"800\" height=\"1000\" src=\"https:\/\/naree.pl\/blog\/wp-content\/uploads\/2026\/03\/Projekt-bez-nazwy-46.jpg\" class=\"attachment-full size-full wp-post-image\" alt=\"\" srcset=\"https:\/\/naree.pl\/blog\/wp-content\/uploads\/2026\/03\/Projekt-bez-nazwy-46-200x250.jpg 200w, https:\/\/naree.pl\/blog\/wp-content\/uploads\/2026\/03\/Projekt-bez-nazwy-46-400x500.jpg 400w, https:\/\/naree.pl\/blog\/wp-content\/uploads\/2026\/03\/Projekt-bez-nazwy-46-600x750.jpg 600w, https:\/\/naree.pl\/blog\/wp-content\/uploads\/2026\/03\/Projekt-bez-nazwy-46.jpg 800w\" sizes=\"(min-width: 2200px) 100vw, (min-width: 784px) 387px, (min-width: 712px) 580px, (min-width: 640px) 712px, \" \/><div class=\"fusion-rollover\">\n\t<div class=\"fusion-rollover-content\">\n\n\t\t\t\t\n\t\t\n\t\t\t\t\t\t\t\t\t\t\t\t<h4 class=\"fusion-rollover-title\">\n\t\t\t\t\t<a class=\"fusion-rollover-title-link\" href=\"https:\/\/naree.pl\/blog\/avanti24-o-kolekcji-naree-w-rozkwicie\/\">\n\t\t\t\t\t\tAvanti24 o kolekcji NAREE \u201eW rozkwicie\u201d\t\t\t\t\t<\/a>\n\t\t\t\t<\/h4>\n\t\t\t\n\t\t\t\t\t\t\t\t\t\t<div class=\"fusion-rollover-categories\"><a href=\"https:\/\/naree.pl\/blog\/category\/media-o-nas\/\" rel=\"tag\">Media o nas<\/a><\/div>\t\t\t\t\t\n\t\t\n\t\t\t\t\t\t<a class=\"fusion-link-wrapper\" href=\"https:\/\/naree.pl\/blog\/avanti24-o-kolekcji-naree-w-rozkwicie\/\" aria-label=\"Avanti24 o kolekcji NAREE \u201eW rozkwicie\u201d\"><\/a>\n\t<\/div>\n<\/div>\n<\/div>\n<\/li>\n\t\t\t\n\t\t\t\n\t\t\t\t\t\t\t\t<\/ul>\n\t<\/div>\n\t<div class=\"fusion-post-content-wrapper\" style=\"padding:30px 25px 25px 25px;\"><div class=\"fusion-post-content post-content\"><h2 class=\"blog-shortcode-post-title entry-title\"><a href=\"https:\/\/naree.pl\/blog\/avanti24-o-kolekcji-naree-w-rozkwicie\/\">Avanti24 o kolekcji NAREE \u201eW rozkwicie\u201d<\/a><\/h2><p class=\"fusion-single-line-meta\"><span class=\"vcard\" style=\"display: none;\"><span class=\"fn\"><a href=\"https:\/\/naree.pl\/blog\/author\/justyna-goreckanaree-pl\/\" title=\"Wpisy od Justyna G\u00f3recka\" rel=\"author\">Justyna G\u00f3recka<\/a><\/span><\/span><span class=\"updated\" style=\"display:none;\">2026-03-20T14:04:38+01:00<\/span><span>20 marca, 2026<\/span><span class=\"fusion-inline-sep\">|<\/span><a href=\"https:\/\/naree.pl\/blog\/category\/media-o-nas\/\" rel=\"category tag\">Media o nas<\/a><span class=\"fusion-inline-sep\">|<\/span><\/p><div class=\"fusion-content-sep sep-none\"><\/div><div class=\"fusion-post-content-container\"><p>          Serwis Avanti24 zwr\u00f3ci\u0142 uwag\u0119 na najnowsz\u0105 kolekcj\u0119 NAREE \u201eW rozkwicie\u201d, prezentuj\u0105c j\u0105 jako sp\u00f3jn\u0105 opowie\u015b\u0107 o wio\u015bnie, kt\u00f3ra rozwija si\u0119 stopniowo. Kolekcj\u0119 rozpoczynaj\u0105 subtelne pastele i lekkie formy, kt\u00f3re rozwijaj\u0105 si\u0119 w bardziej wyraziste kolory. W materiale redakcja podkre\u015bla \u015bwie\u017co\u015b\u0107 kolekcji, jej kobiecy charakter oraz umiej\u0119tne po\u0142\u0105czenie sezonowych trend\u00f3w z [...]<\/p><\/div><\/div><\/div><div class=\"fusion-clearfix\"><\/div><\/div>\n<\/article>\n<article id=\"blog-1-post-7314\" class=\"fusion-post-grid post-7314 post type-post status-publish format-standard has-post-thumbnail hentry category-media-o-nas\">\n<div class=\"fusion-post-wrapper\" style=\"background-color:hsla(var(--awb-color1-h),var(--awb-color1-s),var(--awb-color1-l),calc(var(--awb-color1-a) - 100%));border:none;\">\n\n\t\t\t<div class=\"fusion-flexslider flexslider fusion-flexslider-loading fusion-post-slideshow\" style=\"border-color:hsla(var(--awb-color1-h),var(--awb-color1-s),var(--awb-color1-l),calc(var(--awb-color1-a) - 100%));\">\n\t\t<ul class=\"slides\">\n\t\t\t\n\t\t\t\t\t\t\t\t\t\t\t\t\t\t<li><div  class=\"fusion-image-wrapper\" aria-haspopup=\"true\">\n\t\t\t\t<img decoding=\"async\" width=\"800\" height=\"1000\" src=\"https:\/\/naree.pl\/blog\/wp-content\/uploads\/2026\/03\/Projekt-bez-nazwy-41.jpg\" class=\"attachment-full size-full wp-post-image\" alt=\"\" srcset=\"https:\/\/naree.pl\/blog\/wp-content\/uploads\/2026\/03\/Projekt-bez-nazwy-41-200x250.jpg 200w, https:\/\/naree.pl\/blog\/wp-content\/uploads\/2026\/03\/Projekt-bez-nazwy-41-400x500.jpg 400w, https:\/\/naree.pl\/blog\/wp-content\/uploads\/2026\/03\/Projekt-bez-nazwy-41-600x750.jpg 600w, https:\/\/naree.pl\/blog\/wp-content\/uploads\/2026\/03\/Projekt-bez-nazwy-41.jpg 800w\" sizes=\"(min-width: 2200px) 100vw, (min-width: 784px) 387px, (min-width: 712px) 580px, (min-width: 640px) 712px, \" \/><div class=\"fusion-rollover\">\n\t<div class=\"fusion-rollover-content\">\n\n\t\t\t\t\n\t\t\n\t\t\t\t\t\t\t\t\t\t\t\t<h4 class=\"fusion-rollover-title\">\n\t\t\t\t\t<a class=\"fusion-rollover-title-link\" href=\"https:\/\/naree.pl\/blog\/naree-viva\/\">\n\t\t\t\t\t\tNAREE x VIVA: Dopamine dressing w wersji soft. Jak rozkwita wiosna w NAREE?\t\t\t\t\t<\/a>\n\t\t\t\t<\/h4>\n\t\t\t\n\t\t\t\t\t\t\t\t\t\t<div class=\"fusion-rollover-categories\"><a href=\"https:\/\/naree.pl\/blog\/category\/media-o-nas\/\" rel=\"tag\">Media o nas<\/a><\/div>\t\t\t\t\t\n\t\t\n\t\t\t\t\t\t<a class=\"fusion-link-wrapper\" href=\"https:\/\/naree.pl\/blog\/naree-viva\/\" aria-label=\"NAREE x VIVA: Dopamine dressing w wersji soft. Jak rozkwita wiosna w NAREE?\"><\/a>\n\t<\/div>\n<\/div>\n<\/div>\n<\/li>\n\t\t\t\n\t\t\t\n\t\t\t\t\t\t\t\t<\/ul>\n\t<\/div>\n\t<div class=\"fusion-post-content-wrapper\" style=\"padding:30px 25px 25px 25px;\"><div class=\"fusion-post-content post-content\"><h2 class=\"blog-shortcode-post-title entry-title\"><a href=\"https:\/\/naree.pl\/blog\/naree-viva\/\">NAREE x VIVA: Dopamine dressing w wersji soft. Jak rozkwita wiosna w NAREE?<\/a><\/h2><p class=\"fusion-single-line-meta\"><span class=\"vcard\" style=\"display: none;\"><span class=\"fn\"><a href=\"https:\/\/naree.pl\/blog\/author\/justyna-goreckanaree-pl\/\" title=\"Wpisy od Justyna G\u00f3recka\" rel=\"author\">Justyna G\u00f3recka<\/a><\/span><\/span><span class=\"updated\" style=\"display:none;\">2026-03-11T14:41:49+01:00<\/span><span>11 marca, 2026<\/span><span class=\"fusion-inline-sep\">|<\/span><a href=\"https:\/\/naree.pl\/blog\/category\/media-o-nas\/\" rel=\"category tag\">Media o nas<\/a><span class=\"fusion-inline-sep\">|<\/span><\/p><div class=\"fusion-content-sep sep-none\"><\/div><div class=\"fusion-post-content-container\"><p>          Magazyn VIVA! przygl\u0105da si\u0119 jednemu z najciekawszych trend\u00f3w sezonu \u2013 dopamine dressing, czyli modzie, kt\u00f3ra poprzez kolory, komfort i lekko\u015b\u0107 form wp\u0142ywa na dobre samopoczucie. W artykule \u201eDopamine dressing w wersji soft. Jak rozkwita wiosna w NAREE?\u201d redakcja pokazuje jego subtelniejsz\u0105 ods\u0142on\u0119, inspirowan\u0105 \u015bwie\u017co\u015bci\u0105 wiosny i elegancj\u0105.    [...]<\/p><\/div><\/div><\/div><div class=\"fusion-clearfix\"><\/div><\/div>\n<\/article>\n<article id=\"blog-1-post-7275\" class=\"fusion-post-grid post-7275 post type-post status-publish format-standard has-post-thumbnail hentry category-inspiracje\">\n<div class=\"fusion-post-wrapper\" style=\"background-color:hsla(var(--awb-color1-h),var(--awb-color1-s),var(--awb-color1-l),calc(var(--awb-color1-a) - 100%));border:none;\">\n\n\t\t\t<div class=\"fusion-flexslider flexslider fusion-flexslider-loading fusion-post-slideshow\" style=\"border-color:hsla(var(--awb-color1-h),var(--awb-color1-s),var(--awb-color1-l),calc(var(--awb-color1-a) - 100%));\">\n\t\t<ul class=\"slides\">\n\t\t\t\n\t\t\t\t\t\t\t\t\t\t\t\t\t\t<li><div  class=\"fusion-image-wrapper\" aria-haspopup=\"true\">\n\t\t\t\t<img decoding=\"async\" width=\"800\" height=\"1000\" src=\"https:\/\/naree.pl\/blog\/wp-content\/uploads\/2026\/03\/1-1-1.jpg\" class=\"attachment-full size-full wp-post-image\" alt=\"naree wiosna lato 2026\" srcset=\"https:\/\/naree.pl\/blog\/wp-content\/uploads\/2026\/03\/1-1-1-200x250.jpg 200w, https:\/\/naree.pl\/blog\/wp-content\/uploads\/2026\/03\/1-1-1-400x500.jpg 400w, https:\/\/naree.pl\/blog\/wp-content\/uploads\/2026\/03\/1-1-1-600x750.jpg 600w, https:\/\/naree.pl\/blog\/wp-content\/uploads\/2026\/03\/1-1-1.jpg 800w\" sizes=\"(min-width: 2200px) 100vw, (min-width: 784px) 387px, (min-width: 712px) 580px, (min-width: 640px) 712px, \" \/><div class=\"fusion-rollover\">\n\t<div class=\"fusion-rollover-content\">\n\n\t\t\t\t\n\t\t\n\t\t\t\t\t\t\t\t\t\t\t\t<h4 class=\"fusion-rollover-title\">\n\t\t\t\t\t<a class=\"fusion-rollover-title-link\" href=\"https:\/\/naree.pl\/blog\/ss26-naree-lookbook\/\">\n\t\t\t\t\t\tW rozkwicie. Kolekcja, kt\u00f3ra pod\u0105\u017ca za rytmem wiosny.\t\t\t\t\t<\/a>\n\t\t\t\t<\/h4>\n\t\t\t\n\t\t\t\t\t\t\t\t\t\t<div class=\"fusion-rollover-categories\"><a href=\"https:\/\/naree.pl\/blog\/category\/inspiracje\/\" rel=\"tag\">Inspiracje<\/a><\/div>\t\t\t\t\t\n\t\t\n\t\t\t\t\t\t<a class=\"fusion-link-wrapper\" href=\"https:\/\/naree.pl\/blog\/ss26-naree-lookbook\/\" aria-label=\"W rozkwicie. Kolekcja, kt\u00f3ra pod\u0105\u017ca za rytmem wiosny.\"><\/a>\n\t<\/div>\n<\/div>\n<\/div>\n<\/li>\n\t\t\t\n\t\t\t\n\t\t\t\t\t\t\t\t<\/ul>\n\t<\/div>\n\t<div class=\"fusion-post-content-wrapper\" style=\"padding:30px 25px 25px 25px;\"><div class=\"fusion-post-content post-content\"><h2 class=\"blog-shortcode-post-title entry-title\"><a href=\"https:\/\/naree.pl\/blog\/ss26-naree-lookbook\/\">W rozkwicie. Kolekcja, kt\u00f3ra pod\u0105\u017ca za rytmem wiosny.<\/a><\/h2><p class=\"fusion-single-line-meta\"><span class=\"vcard\" style=\"display: none;\"><span class=\"fn\"><a href=\"https:\/\/naree.pl\/blog\/author\/justyna-goreckanaree-pl\/\" title=\"Wpisy od Justyna G\u00f3recka\" rel=\"author\">Justyna G\u00f3recka<\/a><\/span><\/span><span class=\"updated\" style=\"display:none;\">2026-03-05T13:58:10+01:00<\/span><span>5 marca, 2026<\/span><span class=\"fusion-inline-sep\">|<\/span><a href=\"https:\/\/naree.pl\/blog\/category\/inspiracje\/\" rel=\"category tag\">Inspiracje<\/a><span class=\"fusion-inline-sep\">|<\/span><\/p><div class=\"fusion-content-sep sep-none\"><\/div><div class=\"fusion-post-content-container\"><p>          \u201eW rozkwicie\u201d to opowie\u015b\u0107 o zmianie, kt\u00f3ra pojawia si\u0119 wraz z nowym sezonem i zaczyna si\u0119 od \u015brodka: naturalnie i w swoim w\u0142asnym tempie. Kwiaty \u2013 naturalny symbol wiosny \u2013 s\u0105 tu punktem wyj\u015bcia do opowie\u015bci o wielowymiarowej kobieco\u015bci i stylu w wielu ods\u0142onach.       [...]<\/p><\/div><\/div><\/div><div class=\"fusion-clearfix\"><\/div><\/div>\n<\/article>\n<article id=\"blog-1-post-7229\" class=\"fusion-post-grid post-7229 post type-post status-publish format-standard has-post-thumbnail hentry category-porady\">\n<div class=\"fusion-post-wrapper\" style=\"background-color:hsla(var(--awb-color1-h),var(--awb-color1-s),var(--awb-color1-l),calc(var(--awb-color1-a) - 100%));border:none;\">\n\n\t\t\t<div class=\"fusion-flexslider flexslider fusion-flexslider-loading fusion-post-slideshow\" style=\"border-color:hsla(var(--awb-color1-h),var(--awb-color1-s),var(--awb-color1-l),calc(var(--awb-color1-a) - 100%));\">\n\t\t<ul class=\"slides\">\n\t\t\t\n\t\t\t\t\t\t\t\t\t\t\t\t\t\t<li><div  class=\"fusion-image-wrapper\" aria-haspopup=\"true\">\n\t\t\t\t<img decoding=\"async\" width=\"800\" height=\"1000\" src=\"https:\/\/naree.pl\/blog\/wp-content\/uploads\/2026\/02\/Projekt-bez-nazwy-38.jpg\" class=\"attachment-full size-full wp-post-image\" alt=\"dzwony spodnie\" srcset=\"https:\/\/naree.pl\/blog\/wp-content\/uploads\/2026\/02\/Projekt-bez-nazwy-38-200x250.jpg 200w, https:\/\/naree.pl\/blog\/wp-content\/uploads\/2026\/02\/Projekt-bez-nazwy-38-400x500.jpg 400w, https:\/\/naree.pl\/blog\/wp-content\/uploads\/2026\/02\/Projekt-bez-nazwy-38-600x750.jpg 600w, https:\/\/naree.pl\/blog\/wp-content\/uploads\/2026\/02\/Projekt-bez-nazwy-38.jpg 800w\" sizes=\"(min-width: 2200px) 100vw, (min-width: 784px) 387px, (min-width: 712px) 580px, (min-width: 640px) 712px, \" \/><div class=\"fusion-rollover\">\n\t<div class=\"fusion-rollover-content\">\n\n\t\t\t\t\n\t\t\n\t\t\t\t\t\t\t\t\t\t\t\t<h4 class=\"fusion-rollover-title\">\n\t\t\t\t\t<a class=\"fusion-rollover-title-link\" href=\"https:\/\/naree.pl\/blog\/dzwony-spodnie\/\">\n\t\t\t\t\t\tDzwony spodnie flare &#8211; jakie wybra\u0107 i gdzie kupi\u0107?\t\t\t\t\t<\/a>\n\t\t\t\t<\/h4>\n\t\t\t\n\t\t\t\t\t\t\t\t\t\t<div class=\"fusion-rollover-categories\"><a href=\"https:\/\/naree.pl\/blog\/category\/porady\/\" rel=\"tag\">Porady<\/a><\/div>\t\t\t\t\t\n\t\t\n\t\t\t\t\t\t<a class=\"fusion-link-wrapper\" href=\"https:\/\/naree.pl\/blog\/dzwony-spodnie\/\" aria-label=\"Dzwony spodnie flare &#8211; jakie wybra\u0107 i gdzie kupi\u0107?\"><\/a>\n\t<\/div>\n<\/div>\n<\/div>\n<\/li>\n\t\t\t\n\t\t\t\n\t\t\t\t\t\t\t\t<\/ul>\n\t<\/div>\n\t<div class=\"fusion-post-content-wrapper\" style=\"padding:30px 25px 25px 25px;\"><div class=\"fusion-post-content post-content\"><h2 class=\"blog-shortcode-post-title entry-title\"><a href=\"https:\/\/naree.pl\/blog\/dzwony-spodnie\/\">Dzwony spodnie flare &#8211; jakie wybra\u0107 i gdzie kupi\u0107?<\/a><\/h2><p class=\"fusion-single-line-meta\"><span class=\"vcard\" style=\"display: none;\"><span class=\"fn\"><a href=\"https:\/\/naree.pl\/blog\/author\/justyna-goreckanaree-pl\/\" title=\"Wpisy od Justyna G\u00f3recka\" rel=\"author\">Justyna G\u00f3recka<\/a><\/span><\/span><span class=\"updated\" style=\"display:none;\">2026-02-19T10:31:30+01:00<\/span><span>19 lutego, 2026<\/span><span class=\"fusion-inline-sep\">|<\/span><a href=\"https:\/\/naree.pl\/blog\/category\/porady\/\" rel=\"category tag\">Porady<\/a><span class=\"fusion-inline-sep\">|<\/span><\/p><div class=\"fusion-content-sep sep-none\"><\/div><div class=\"fusion-post-content-container\"><p>          Spodnie dzwony (flare) to jeden z najmodniejszych fason\u00f3w ostatnich sezon\u00f3w, kt\u00f3ry powraca do mody i jest coraz cz\u0119\u015bciej widoczny na ulicach miast oraz w codziennych stylizacjach. Dopasowane spodnie z rozszerzanymi nogawkami \u015bwietnie sprawdzaj\u0105 si\u0119 zar\u00f3wno w miejskich, jak i eleganckich outfitach. Zobacz, jakie spodnie flare warto kupi\u0107 i na co [...]<\/p><\/div><\/div><\/div><div class=\"fusion-clearfix\"><\/div><\/div>\n<\/article>\n<article id=\"blog-1-post-7179\" class=\"fusion-post-grid post-7179 post type-post status-publish format-standard has-post-thumbnail hentry category-inspiracje\">\n<div class=\"fusion-post-wrapper\" style=\"background-color:hsla(var(--awb-color1-h),var(--awb-color1-s),var(--awb-color1-l),calc(var(--awb-color1-a) - 100%));border:none;\">\n\n\t\t\t<div class=\"fusion-flexslider flexslider fusion-flexslider-loading fusion-post-slideshow\" style=\"border-color:hsla(var(--awb-color1-h),var(--awb-color1-s),var(--awb-color1-l),calc(var(--awb-color1-a) - 100%));\">\n\t\t<ul class=\"slides\">\n\t\t\t\n\t\t\t\t\t\t\t\t\t\t\t\t\t\t<li><div  class=\"fusion-image-wrapper\" aria-haspopup=\"true\">\n\t\t\t\t<img decoding=\"async\" width=\"800\" height=\"1000\" src=\"https:\/\/naree.pl\/blog\/wp-content\/uploads\/2026\/02\/Projekt-bez-nazwy-32.jpg\" class=\"attachment-full size-full wp-post-image\" alt=\"sukienki naree\" srcset=\"https:\/\/naree.pl\/blog\/wp-content\/uploads\/2026\/02\/Projekt-bez-nazwy-32-200x250.jpg 200w, https:\/\/naree.pl\/blog\/wp-content\/uploads\/2026\/02\/Projekt-bez-nazwy-32-400x500.jpg 400w, https:\/\/naree.pl\/blog\/wp-content\/uploads\/2026\/02\/Projekt-bez-nazwy-32-600x750.jpg 600w, https:\/\/naree.pl\/blog\/wp-content\/uploads\/2026\/02\/Projekt-bez-nazwy-32.jpg 800w\" sizes=\"(min-width: 2200px) 100vw, (min-width: 784px) 387px, (min-width: 712px) 580px, (min-width: 640px) 712px, \" \/><div class=\"fusion-rollover\">\n\t<div class=\"fusion-rollover-content\">\n\n\t\t\t\t\n\t\t\n\t\t\t\t\t\t\t\t\t\t\t\t<h4 class=\"fusion-rollover-title\">\n\t\t\t\t\t<a class=\"fusion-rollover-title-link\" href=\"https:\/\/naree.pl\/blog\/walentynkowa-kolekcja-naree-2026\/\">\n\t\t\t\t\t\tWalentynkowa kolekcja NAREE 2026\t\t\t\t\t<\/a>\n\t\t\t\t<\/h4>\n\t\t\t\n\t\t\t\t\t\t\t\t\t\t<div class=\"fusion-rollover-categories\"><a href=\"https:\/\/naree.pl\/blog\/category\/inspiracje\/\" rel=\"tag\">Inspiracje<\/a><\/div>\t\t\t\t\t\n\t\t\n\t\t\t\t\t\t<a class=\"fusion-link-wrapper\" href=\"https:\/\/naree.pl\/blog\/walentynkowa-kolekcja-naree-2026\/\" aria-label=\"Walentynkowa kolekcja NAREE 2026\"><\/a>\n\t<\/div>\n<\/div>\n<\/div>\n<\/li>\n\t\t\t\n\t\t\t\n\t\t\t\t\t\t\t\t<\/ul>\n\t<\/div>\n\t<div class=\"fusion-post-content-wrapper\" style=\"padding:30px 25px 25px 25px;\"><div class=\"fusion-post-content post-content\"><h2 class=\"blog-shortcode-post-title entry-title\"><a href=\"https:\/\/naree.pl\/blog\/walentynkowa-kolekcja-naree-2026\/\">Walentynkowa kolekcja NAREE 2026<\/a><\/h2><p class=\"fusion-single-line-meta\"><span class=\"vcard\" style=\"display: none;\"><span class=\"fn\"><a href=\"https:\/\/naree.pl\/blog\/author\/justyna-goreckanaree-pl\/\" title=\"Wpisy od Justyna G\u00f3recka\" rel=\"author\">Justyna G\u00f3recka<\/a><\/span><\/span><span class=\"updated\" style=\"display:none;\">2026-02-05T10:07:09+01:00<\/span><span>5 lutego, 2026<\/span><span class=\"fusion-inline-sep\">|<\/span><a href=\"https:\/\/naree.pl\/blog\/category\/inspiracje\/\" rel=\"category tag\">Inspiracje<\/a><span class=\"fusion-inline-sep\">|<\/span><\/p><div class=\"fusion-content-sep sep-none\"><\/div><div class=\"fusion-post-content-container\"><p>          Mi\u0142o\u015b\u0107 zaczyna si\u0119 od mi\u0142o!     Walentynki w NAREE to co\u015b wi\u0119cej ni\u017c romantyczne \u015bwi\u0119to. To celebracja blisko\u015bci, tak\u017ce tej z sam\u0105 sob\u0105. To moment, w kt\u00f3rym wybierasz ubrania, kt\u00f3re sprawiaj\u0105, \u017ce czujesz si\u0119 dobrze i komfortowo. Bez presji, bez przesady \u2013 tak, \u017ceby by\u0142o mi\u0142o.  [...]<\/p><\/div><\/div><\/div><div class=\"fusion-clearfix\"><\/div><\/div>\n<\/article>\n<article id=\"blog-1-post-7106\" class=\"fusion-post-grid post-7106 post type-post status-publish format-standard has-post-thumbnail hentry category-porady\">\n<div class=\"fusion-post-wrapper\" style=\"background-color:hsla(var(--awb-color1-h),var(--awb-color1-s),var(--awb-color1-l),calc(var(--awb-color1-a) - 100%));border:none;\">\n\n\t\t\t<div class=\"fusion-flexslider flexslider fusion-flexslider-loading fusion-post-slideshow\" style=\"border-color:hsla(var(--awb-color1-h),var(--awb-color1-s),var(--awb-color1-l),calc(var(--awb-color1-a) - 100%));\">\n\t\t<ul class=\"slides\">\n\t\t\t\n\t\t\t\t\t\t\t\t\t\t\t\t\t\t<li><div  class=\"fusion-image-wrapper\" aria-haspopup=\"true\">\n\t\t\t\t<img decoding=\"async\" width=\"800\" height=\"1000\" src=\"https:\/\/naree.pl\/blog\/wp-content\/uploads\/2026\/01\/Projekt-bez-nazwy-30.jpg\" class=\"attachment-full size-full wp-post-image\" alt=\"polskie bluzki damskie\" srcset=\"https:\/\/naree.pl\/blog\/wp-content\/uploads\/2026\/01\/Projekt-bez-nazwy-30-200x250.jpg 200w, https:\/\/naree.pl\/blog\/wp-content\/uploads\/2026\/01\/Projekt-bez-nazwy-30-400x500.jpg 400w, https:\/\/naree.pl\/blog\/wp-content\/uploads\/2026\/01\/Projekt-bez-nazwy-30-600x750.jpg 600w, https:\/\/naree.pl\/blog\/wp-content\/uploads\/2026\/01\/Projekt-bez-nazwy-30.jpg 800w\" sizes=\"(min-width: 2200px) 100vw, (min-width: 784px) 387px, (min-width: 712px) 580px, (min-width: 640px) 712px, \" \/><div class=\"fusion-rollover\">\n\t<div class=\"fusion-rollover-content\">\n\n\t\t\t\t\n\t\t\n\t\t\t\t\t\t\t\t\t\t\t\t<h4 class=\"fusion-rollover-title\">\n\t\t\t\t\t<a class=\"fusion-rollover-title-link\" href=\"https:\/\/naree.pl\/blog\/polskie-bluzki-damskie\/\">\n\t\t\t\t\t\tPolskie bluzki damskie: 3 najlepsze propozycje dla kobiet &#8211; naturalne materia\u0142y, wysoka jako\u015b\u0107\t\t\t\t\t<\/a>\n\t\t\t\t<\/h4>\n\t\t\t\n\t\t\t\t\t\t\t\t\t\t<div class=\"fusion-rollover-categories\"><a href=\"https:\/\/naree.pl\/blog\/category\/porady\/\" rel=\"tag\">Porady<\/a><\/div>\t\t\t\t\t\n\t\t\n\t\t\t\t\t\t<a class=\"fusion-link-wrapper\" href=\"https:\/\/naree.pl\/blog\/polskie-bluzki-damskie\/\" aria-label=\"Polskie bluzki damskie: 3 najlepsze propozycje dla kobiet &#8211; naturalne materia\u0142y, wysoka jako\u015b\u0107\"><\/a>\n\t<\/div>\n<\/div>\n<\/div>\n<\/li>\n\t\t\t\n\t\t\t\n\t\t\t\t\t\t\t\t<\/ul>\n\t<\/div>\n\t<div class=\"fusion-post-content-wrapper\" style=\"padding:30px 25px 25px 25px;\"><div class=\"fusion-post-content post-content\"><h2 class=\"blog-shortcode-post-title entry-title\"><a href=\"https:\/\/naree.pl\/blog\/polskie-bluzki-damskie\/\">Polskie bluzki damskie: 3 najlepsze propozycje dla kobiet &#8211; naturalne materia\u0142y, wysoka jako\u015b\u0107<\/a><\/h2><p class=\"fusion-single-line-meta\"><span class=\"vcard\" style=\"display: none;\"><span class=\"fn\"><a href=\"https:\/\/naree.pl\/blog\/author\/justyna-goreckanaree-pl\/\" title=\"Wpisy od Justyna G\u00f3recka\" rel=\"author\">Justyna G\u00f3recka<\/a><\/span><\/span><span class=\"updated\" style=\"display:none;\">2026-01-30T12:37:34+01:00<\/span><span>30 stycznia, 2026<\/span><span class=\"fusion-inline-sep\">|<\/span><a href=\"https:\/\/naree.pl\/blog\/category\/porady\/\" rel=\"category tag\">Porady<\/a><span class=\"fusion-inline-sep\">|<\/span><\/p><div class=\"fusion-content-sep sep-none\"><\/div><div class=\"fusion-post-content-container\"><p>          Polskie bluzki damskie z wysokiej jako\u015bci materia\u0142\u00f3w wybierane s\u0105 przez kobiety, kt\u00f3re zwracaj\u0105 uwag\u0119 na jako\u015b\u0107 i komfort noszenia. Jakie polskie bluzki damskie warto kupi\u0107? Czym r\u00f3\u017cni\u0105 si\u0119 od modeli z sieci\u00f3wek? Czy lepiej wybra\u0107 czarne bluzki damskie, eleganckie fasony na specjalne okazje, a mo\u017ce bluzki koszulowe z d\u0142ugim r\u0119kawem [...]<\/p><\/div><\/div><\/div><div class=\"fusion-clearfix\"><\/div><\/div>\n<\/article>\n<article id=\"blog-1-post-7049\" class=\"fusion-post-grid post-7049 post type-post status-publish format-standard has-post-thumbnail hentry category-porady\">\n<div class=\"fusion-post-wrapper\" style=\"background-color:hsla(var(--awb-color1-h),var(--awb-color1-s),var(--awb-color1-l),calc(var(--awb-color1-a) - 100%));border:none;\">\n\n\t\t\t<div class=\"fusion-flexslider flexslider fusion-flexslider-loading fusion-post-slideshow\" style=\"border-color:hsla(var(--awb-color1-h),var(--awb-color1-s),var(--awb-color1-l),calc(var(--awb-color1-a) - 100%));\">\n\t\t<ul class=\"slides\">\n\t\t\t\n\t\t\t\t\t\t\t\t\t\t\t\t\t\t<li><div  class=\"fusion-image-wrapper\" aria-haspopup=\"true\">\n\t\t\t\t<img decoding=\"async\" width=\"800\" height=\"1000\" src=\"https:\/\/naree.pl\/blog\/wp-content\/uploads\/2026\/01\/Projekt-bez-nazwy-29.jpg\" class=\"attachment-full size-full wp-post-image\" alt=\"czarne bluzki\" srcset=\"https:\/\/naree.pl\/blog\/wp-content\/uploads\/2026\/01\/Projekt-bez-nazwy-29-200x250.jpg 200w, https:\/\/naree.pl\/blog\/wp-content\/uploads\/2026\/01\/Projekt-bez-nazwy-29-400x500.jpg 400w, https:\/\/naree.pl\/blog\/wp-content\/uploads\/2026\/01\/Projekt-bez-nazwy-29-600x750.jpg 600w, https:\/\/naree.pl\/blog\/wp-content\/uploads\/2026\/01\/Projekt-bez-nazwy-29.jpg 800w\" sizes=\"(min-width: 2200px) 100vw, (min-width: 784px) 387px, (min-width: 712px) 580px, (min-width: 640px) 712px, \" \/><div class=\"fusion-rollover\">\n\t<div class=\"fusion-rollover-content\">\n\n\t\t\t\t\n\t\t\n\t\t\t\t\t\t\t\t\t\t\t\t<h4 class=\"fusion-rollover-title\">\n\t\t\t\t\t<a class=\"fusion-rollover-title-link\" href=\"https:\/\/naree.pl\/blog\/czarne-bluzki\/\">\n\t\t\t\t\t\tCzarne bluzki: 4 modele bluzek eleganckich i basic polskiej marki\t\t\t\t\t<\/a>\n\t\t\t\t<\/h4>\n\t\t\t\n\t\t\t\t\t\t\t\t\t\t<div class=\"fusion-rollover-categories\"><a href=\"https:\/\/naree.pl\/blog\/category\/porady\/\" rel=\"tag\">Porady<\/a><\/div>\t\t\t\t\t\n\t\t\n\t\t\t\t\t\t<a class=\"fusion-link-wrapper\" href=\"https:\/\/naree.pl\/blog\/czarne-bluzki\/\" aria-label=\"Czarne bluzki: 4 modele bluzek eleganckich i basic polskiej marki\"><\/a>\n\t<\/div>\n<\/div>\n<\/div>\n<\/li>\n\t\t\t\n\t\t\t\n\t\t\t\t\t\t\t\t<\/ul>\n\t<\/div>\n\t<div class=\"fusion-post-content-wrapper\" style=\"padding:30px 25px 25px 25px;\"><div class=\"fusion-post-content post-content\"><h2 class=\"blog-shortcode-post-title entry-title\"><a href=\"https:\/\/naree.pl\/blog\/czarne-bluzki\/\">Czarne bluzki: 4 modele bluzek eleganckich i basic polskiej marki<\/a><\/h2><p class=\"fusion-single-line-meta\"><span class=\"vcard\" style=\"display: none;\"><span class=\"fn\"><a href=\"https:\/\/naree.pl\/blog\/author\/justyna-goreckanaree-pl\/\" title=\"Wpisy od Justyna G\u00f3recka\" rel=\"author\">Justyna G\u00f3recka<\/a><\/span><\/span><span class=\"updated\" style=\"display:none;\">2026-01-29T11:42:57+01:00<\/span><span>29 stycznia, 2026<\/span><span class=\"fusion-inline-sep\">|<\/span><a href=\"https:\/\/naree.pl\/blog\/category\/porady\/\" rel=\"category tag\">Porady<\/a><span class=\"fusion-inline-sep\">|<\/span><\/p><div class=\"fusion-content-sep sep-none\"><\/div><div class=\"fusion-post-content-container\"><p>              Jakie czarne bluzki warto kupi\u0107? Klasyczna czarn\u0105 bluzk\u0119 basic z d\u0142ugim r\u0119kawem, czarn\u0105 bluzk\u0119 hiszpank\u0119 oraz elegancki model do biura i wygodn\u0105 bluzk\u0119 oversize. Ka\u017cda kobieta znajdzie odpowiedni model dla siebie, niezale\u017cnie od sylwetki czy preferencji.         \u25bc Zobacz [...]<\/p><\/div><\/div><\/div><div class=\"fusion-clearfix\"><\/div><\/div>\n<\/article>\n<article id=\"blog-1-post-6954\" class=\"fusion-post-grid post-6954 post type-post status-publish format-standard has-post-thumbnail hentry category-porady\">\n<div class=\"fusion-post-wrapper\" style=\"background-color:hsla(var(--awb-color1-h),var(--awb-color1-s),var(--awb-color1-l),calc(var(--awb-color1-a) - 100%));border:none;\">\n\n\t\t\t<div class=\"fusion-flexslider flexslider fusion-flexslider-loading fusion-post-slideshow\" style=\"border-color:hsla(var(--awb-color1-h),var(--awb-color1-s),var(--awb-color1-l),calc(var(--awb-color1-a) - 100%));\">\n\t\t<ul class=\"slides\">\n\t\t\t\n\t\t\t\t\t\t\t\t\t\t\t\t\t\t<li><div  class=\"fusion-image-wrapper\" aria-haspopup=\"true\">\n\t\t\t\t<img decoding=\"async\" width=\"800\" height=\"1000\" src=\"https:\/\/naree.pl\/blog\/wp-content\/uploads\/2026\/01\/Projekt-bez-nazwy-28.jpg\" class=\"attachment-full size-full wp-post-image\" alt=\"sukienki na walentynki\" srcset=\"https:\/\/naree.pl\/blog\/wp-content\/uploads\/2026\/01\/Projekt-bez-nazwy-28-200x250.jpg 200w, https:\/\/naree.pl\/blog\/wp-content\/uploads\/2026\/01\/Projekt-bez-nazwy-28-400x500.jpg 400w, https:\/\/naree.pl\/blog\/wp-content\/uploads\/2026\/01\/Projekt-bez-nazwy-28-600x750.jpg 600w, https:\/\/naree.pl\/blog\/wp-content\/uploads\/2026\/01\/Projekt-bez-nazwy-28.jpg 800w\" sizes=\"(min-width: 2200px) 100vw, (min-width: 784px) 387px, (min-width: 712px) 580px, (min-width: 640px) 712px, \" \/><div class=\"fusion-rollover\">\n\t<div class=\"fusion-rollover-content\">\n\n\t\t\t\t\n\t\t\n\t\t\t\t\t\t\t\t\t\t\t\t<h4 class=\"fusion-rollover-title\">\n\t\t\t\t\t<a class=\"fusion-rollover-title-link\" href=\"https:\/\/naree.pl\/blog\/sukienki-na-walentynki\/\">\n\t\t\t\t\t\tSukienki na walentynki: 15 stylizacji na walentynkowy wiecz\u00f3r\t\t\t\t\t<\/a>\n\t\t\t\t<\/h4>\n\t\t\t\n\t\t\t\t\t\t\t\t\t\t<div class=\"fusion-rollover-categories\"><a href=\"https:\/\/naree.pl\/blog\/category\/porady\/\" rel=\"tag\">Porady<\/a><\/div>\t\t\t\t\t\n\t\t\n\t\t\t\t\t\t<a class=\"fusion-link-wrapper\" href=\"https:\/\/naree.pl\/blog\/sukienki-na-walentynki\/\" aria-label=\"Sukienki na walentynki: 15 stylizacji na walentynkowy wiecz\u00f3r\"><\/a>\n\t<\/div>\n<\/div>\n<\/div>\n<\/li>\n\t\t\t\n\t\t\t\n\t\t\t\t\t\t\t\t<\/ul>\n\t<\/div>\n\t<div class=\"fusion-post-content-wrapper\" style=\"padding:30px 25px 25px 25px;\"><div class=\"fusion-post-content post-content\"><h2 class=\"blog-shortcode-post-title entry-title\"><a href=\"https:\/\/naree.pl\/blog\/sukienki-na-walentynki\/\">Sukienki na walentynki: 15 stylizacji na walentynkowy wiecz\u00f3r<\/a><\/h2><p class=\"fusion-single-line-meta\"><span class=\"vcard\" style=\"display: none;\"><span class=\"fn\"><a href=\"https:\/\/naree.pl\/blog\/author\/justyna-goreckanaree-pl\/\" title=\"Wpisy od Justyna G\u00f3recka\" rel=\"author\">Justyna G\u00f3recka<\/a><\/span><\/span><span class=\"updated\" style=\"display:none;\">2026-01-30T09:47:27+01:00<\/span><span>22 stycznia, 2026<\/span><span class=\"fusion-inline-sep\">|<\/span><a href=\"https:\/\/naree.pl\/blog\/category\/porady\/\" rel=\"category tag\">Porady<\/a><span class=\"fusion-inline-sep\">|<\/span><\/p><div class=\"fusion-content-sep sep-none\"><\/div><div class=\"fusion-post-content-container\"><p>         Najlepsze sukienki na walentynki to: czerwona sukienka midi, sukienka burgundowa lub ma\u0142a czarna. Wybieraj pi\u0119kne sukienki walentynkowe o prostym kroju kopertowym albo z zaznaczon\u0105 tali\u0105 i delikatnym rozci\u0119ciem. Zobacz 15 gotowych propozycji na walentynkowy wiecz\u00f3r.         Produkty z tego artyku\u0142u:     [...]<\/p><\/div><\/div><\/div><div class=\"fusion-clearfix\"><\/div><\/div>\n<\/article>\n<article id=\"blog-1-post-6904\" class=\"fusion-post-grid post-6904 post type-post status-publish format-standard has-post-thumbnail hentry category-porady\">\n<div class=\"fusion-post-wrapper\" style=\"background-color:hsla(var(--awb-color1-h),var(--awb-color1-s),var(--awb-color1-l),calc(var(--awb-color1-a) - 100%));border:none;\">\n\n\t\t\t<div class=\"fusion-flexslider flexslider fusion-flexslider-loading fusion-post-slideshow\" style=\"border-color:hsla(var(--awb-color1-h),var(--awb-color1-s),var(--awb-color1-l),calc(var(--awb-color1-a) - 100%));\">\n\t\t<ul class=\"slides\">\n\t\t\t\n\t\t\t\t\t\t\t\t\t\t\t\t\t\t<li><div  class=\"fusion-image-wrapper\" aria-haspopup=\"true\">\n\t\t\t\t<img decoding=\"async\" width=\"800\" height=\"1000\" src=\"https:\/\/naree.pl\/blog\/wp-content\/uploads\/2026\/01\/Projekt-bez-nazwy-31.jpg\" class=\"attachment-full size-full wp-post-image\" alt=\"czarna sukienka tuba\" srcset=\"https:\/\/naree.pl\/blog\/wp-content\/uploads\/2026\/01\/Projekt-bez-nazwy-31-200x250.jpg 200w, https:\/\/naree.pl\/blog\/wp-content\/uploads\/2026\/01\/Projekt-bez-nazwy-31-400x500.jpg 400w, https:\/\/naree.pl\/blog\/wp-content\/uploads\/2026\/01\/Projekt-bez-nazwy-31-600x750.jpg 600w, https:\/\/naree.pl\/blog\/wp-content\/uploads\/2026\/01\/Projekt-bez-nazwy-31.jpg 800w\" sizes=\"(min-width: 2200px) 100vw, (min-width: 784px) 387px, (min-width: 712px) 580px, (min-width: 640px) 712px, \" \/><div class=\"fusion-rollover\">\n\t<div class=\"fusion-rollover-content\">\n\n\t\t\t\t\n\t\t\n\t\t\t\t\t\t\t\t\t\t\t\t<h4 class=\"fusion-rollover-title\">\n\t\t\t\t\t<a class=\"fusion-rollover-title-link\" href=\"https:\/\/naree.pl\/blog\/sukienki-na-studniowke\/\">\n\t\t\t\t\t\tSukienki na studni\u00f3wk\u0119: 3 stylizacje polskiej marki\t\t\t\t\t<\/a>\n\t\t\t\t<\/h4>\n\t\t\t\n\t\t\t\t\t\t\t\t\t\t<div class=\"fusion-rollover-categories\"><a href=\"https:\/\/naree.pl\/blog\/category\/porady\/\" rel=\"tag\">Porady<\/a><\/div>\t\t\t\t\t\n\t\t\n\t\t\t\t\t\t<a class=\"fusion-link-wrapper\" href=\"https:\/\/naree.pl\/blog\/sukienki-na-studniowke\/\" aria-label=\"Sukienki na studni\u00f3wk\u0119: 3 stylizacje polskiej marki\"><\/a>\n\t<\/div>\n<\/div>\n<\/div>\n<\/li>\n\t\t\t\n\t\t\t\n\t\t\t\t\t\t\t\t<\/ul>\n\t<\/div>\n\t<div class=\"fusion-post-content-wrapper\" style=\"padding:30px 25px 25px 25px;\"><div class=\"fusion-post-content post-content\"><h2 class=\"blog-shortcode-post-title entry-title\"><a href=\"https:\/\/naree.pl\/blog\/sukienki-na-studniowke\/\">Sukienki na studni\u00f3wk\u0119: 3 stylizacje polskiej marki<\/a><\/h2><p class=\"fusion-single-line-meta\"><span class=\"vcard\" style=\"display: none;\"><span class=\"fn\"><a href=\"https:\/\/naree.pl\/blog\/author\/justyna-goreckanaree-pl\/\" title=\"Wpisy od Justyna G\u00f3recka\" rel=\"author\">Justyna G\u00f3recka<\/a><\/span><\/span><span class=\"updated\" style=\"display:none;\">2026-02-03T07:34:50+01:00<\/span><span>19 stycznia, 2026<\/span><span class=\"fusion-inline-sep\">|<\/span><a href=\"https:\/\/naree.pl\/blog\/category\/porady\/\" rel=\"category tag\">Porady<\/a><span class=\"fusion-inline-sep\">|<\/span><\/p><div class=\"fusion-content-sep sep-none\"><\/div><div class=\"fusion-post-content-container\"><p>          Sukienki na studni\u00f3wk\u0119 to dzi\u015b nie tylko klasyczne suknie balowe, ale tak\u017ce wygodne modele midi, proste sukienki koktajlowe, eleganckie fasony plus size czy lekkie wersje typu ksi\u0119\u017cniczka. Wyb\u00f3r jest du\u017cy, dlatego najwa\u017cniejsze jest dopasowanie sukienki do realnych potrzeb: komfortu przez wiele godzin, charakteru imprezy i w\u0142asnej sylwetki. Odkryj idealn\u0105 sukienk\u0119, [...]<\/p><\/div><\/div><\/div><div class=\"fusion-clearfix\"><\/div><\/div>\n<\/article>\n<article id=\"blog-1-post-6855\" class=\"fusion-post-grid post-6855 post type-post status-publish format-standard has-post-thumbnail hentry category-porady\">\n<div class=\"fusion-post-wrapper\" style=\"background-color:hsla(var(--awb-color1-h),var(--awb-color1-s),var(--awb-color1-l),calc(var(--awb-color1-a) - 100%));border:none;\">\n\n\t\t\t<div class=\"fusion-flexslider flexslider fusion-flexslider-loading fusion-post-slideshow\" style=\"border-color:hsla(var(--awb-color1-h),var(--awb-color1-s),var(--awb-color1-l),calc(var(--awb-color1-a) - 100%));\">\n\t\t<ul class=\"slides\">\n\t\t\t\n\t\t\t\t\t\t\t\t\t\t\t\t\t\t<li><div  class=\"fusion-image-wrapper\" aria-haspopup=\"true\">\n\t\t\t\t<img decoding=\"async\" width=\"800\" height=\"1000\" src=\"https:\/\/naree.pl\/blog\/wp-content\/uploads\/2026\/01\/Projekt-bez-nazwy-26.jpg\" class=\"attachment-full size-full wp-post-image\" alt=\"naree sukienki na p\u00f3\u0142metek\" srcset=\"https:\/\/naree.pl\/blog\/wp-content\/uploads\/2026\/01\/Projekt-bez-nazwy-26-200x250.jpg 200w, https:\/\/naree.pl\/blog\/wp-content\/uploads\/2026\/01\/Projekt-bez-nazwy-26-400x500.jpg 400w, https:\/\/naree.pl\/blog\/wp-content\/uploads\/2026\/01\/Projekt-bez-nazwy-26-600x750.jpg 600w, https:\/\/naree.pl\/blog\/wp-content\/uploads\/2026\/01\/Projekt-bez-nazwy-26.jpg 800w\" sizes=\"(min-width: 2200px) 100vw, (min-width: 784px) 387px, (min-width: 712px) 580px, (min-width: 640px) 712px, \" \/><div class=\"fusion-rollover\">\n\t<div class=\"fusion-rollover-content\">\n\n\t\t\t\t\n\t\t\n\t\t\t\t\t\t\t\t\t\t\t\t<h4 class=\"fusion-rollover-title\">\n\t\t\t\t\t<a class=\"fusion-rollover-title-link\" href=\"https:\/\/naree.pl\/blog\/sukienki-na-polmetek\/\">\n\t\t\t\t\t\tSukienki na p\u00f3\u0142metek: 6 stylizacji &#8211; przegl\u0105d sukienek polskiej marki\t\t\t\t\t<\/a>\n\t\t\t\t<\/h4>\n\t\t\t\n\t\t\t\t\t\t\t\t\t\t<div class=\"fusion-rollover-categories\"><a href=\"https:\/\/naree.pl\/blog\/category\/porady\/\" rel=\"tag\">Porady<\/a><\/div>\t\t\t\t\t\n\t\t\n\t\t\t\t\t\t<a class=\"fusion-link-wrapper\" href=\"https:\/\/naree.pl\/blog\/sukienki-na-polmetek\/\" aria-label=\"Sukienki na p\u00f3\u0142metek: 6 stylizacji &#8211; przegl\u0105d sukienek polskiej marki\"><\/a>\n\t<\/div>\n<\/div>\n<\/div>\n<\/li>\n\t\t\t\n\t\t\t\n\t\t\t\t\t\t\t\t<\/ul>\n\t<\/div>\n\t<div class=\"fusion-post-content-wrapper\" style=\"padding:30px 25px 25px 25px;\"><div class=\"fusion-post-content post-content\"><h2 class=\"blog-shortcode-post-title entry-title\"><a href=\"https:\/\/naree.pl\/blog\/sukienki-na-polmetek\/\">Sukienki na p\u00f3\u0142metek: 6 stylizacji &#8211; przegl\u0105d sukienek polskiej marki<\/a><\/h2><p class=\"fusion-single-line-meta\"><span class=\"vcard\" style=\"display: none;\"><span class=\"fn\"><a href=\"https:\/\/naree.pl\/blog\/author\/justyna-goreckanaree-pl\/\" title=\"Wpisy od Justyna G\u00f3recka\" rel=\"author\">Justyna G\u00f3recka<\/a><\/span><\/span><span class=\"updated\" style=\"display:none;\">2026-01-19T08:22:49+01:00<\/span><span>16 stycznia, 2026<\/span><span class=\"fusion-inline-sep\">|<\/span><a href=\"https:\/\/naree.pl\/blog\/category\/porady\/\" rel=\"category tag\">Porady<\/a><span class=\"fusion-inline-sep\">|<\/span><\/p><div class=\"fusion-content-sep sep-none\"><\/div><div class=\"fusion-post-content-container\"><p>         Sukienki na p\u00f3\u0142metek to eleganckie, a zarazem imprezowe kreacje zaprojektowane z my\u015bl\u0105 o drugoklasistkach lice\u00f3w i technik\u00f3w, kt\u00f3re chc\u0105 wygl\u0105da\u0107 wyj\u0105tkowo podczas swojego pierwszego balu. Najcz\u0119\u015bciej s\u0105 to modele: kr\u00f3tkie, podkre\u015blaj\u0105ce nogi i tali\u0119, cz\u0119sto na cienkich rami\u0105czkach lub z gorsetow\u0105 g\u00f3r\u0105, d\u0142ugie, lej\u0105ce si\u0119 maxi z wysokim rozci\u0119ciem dla nuty [...]<\/p><\/div><\/div><\/div><div class=\"fusion-clearfix\"><\/div><\/div>\n<\/article>\n<article id=\"blog-1-post-6782\" class=\"fusion-post-grid post-6782 post type-post status-publish format-standard has-post-thumbnail hentry category-porady\">\n<div class=\"fusion-post-wrapper\" style=\"background-color:hsla(var(--awb-color1-h),var(--awb-color1-s),var(--awb-color1-l),calc(var(--awb-color1-a) - 100%));border:none;\">\n\n\t\t\t<div class=\"fusion-flexslider flexslider fusion-flexslider-loading fusion-post-slideshow\" style=\"border-color:hsla(var(--awb-color1-h),var(--awb-color1-s),var(--awb-color1-l),calc(var(--awb-color1-a) - 100%));\">\n\t\t<ul class=\"slides\">\n\t\t\t\n\t\t\t\t\t\t\t\t\t\t\t\t\t\t<li><div  class=\"fusion-image-wrapper\" aria-haspopup=\"true\">\n\t\t\t\t<img decoding=\"async\" width=\"800\" height=\"1000\" src=\"https:\/\/naree.pl\/blog\/wp-content\/uploads\/2026\/01\/Projekt-bez-nazwy-24.jpg\" class=\"attachment-full size-full wp-post-image\" alt=\"sukienki wyszczuplaj\u0105ce naree\" srcset=\"https:\/\/naree.pl\/blog\/wp-content\/uploads\/2026\/01\/Projekt-bez-nazwy-24-200x250.jpg 200w, https:\/\/naree.pl\/blog\/wp-content\/uploads\/2026\/01\/Projekt-bez-nazwy-24-400x500.jpg 400w, https:\/\/naree.pl\/blog\/wp-content\/uploads\/2026\/01\/Projekt-bez-nazwy-24-600x750.jpg 600w, https:\/\/naree.pl\/blog\/wp-content\/uploads\/2026\/01\/Projekt-bez-nazwy-24.jpg 800w\" sizes=\"(min-width: 2200px) 100vw, (min-width: 784px) 387px, (min-width: 712px) 580px, (min-width: 640px) 712px, \" \/><div class=\"fusion-rollover\">\n\t<div class=\"fusion-rollover-content\">\n\n\t\t\t\t\n\t\t\n\t\t\t\t\t\t\t\t\t\t\t\t<h4 class=\"fusion-rollover-title\">\n\t\t\t\t\t<a class=\"fusion-rollover-title-link\" href=\"https:\/\/naree.pl\/blog\/sukienki-wyszczuplajace\/\">\n\t\t\t\t\t\tJaka sukienka wyszczupla? 3 sukienki wyszczuplaj\u0105ce na wesele, do pracy i na co dzie\u0144\t\t\t\t\t<\/a>\n\t\t\t\t<\/h4>\n\t\t\t\n\t\t\t\t\t\t\t\t\t\t<div class=\"fusion-rollover-categories\"><a href=\"https:\/\/naree.pl\/blog\/category\/porady\/\" rel=\"tag\">Porady<\/a><\/div>\t\t\t\t\t\n\t\t\n\t\t\t\t\t\t<a class=\"fusion-link-wrapper\" href=\"https:\/\/naree.pl\/blog\/sukienki-wyszczuplajace\/\" aria-label=\"Jaka sukienka wyszczupla? 3 sukienki wyszczuplaj\u0105ce na wesele, do pracy i na co dzie\u0144\"><\/a>\n\t<\/div>\n<\/div>\n<\/div>\n<\/li>\n\t\t\t\n\t\t\t\n\t\t\t\t\t\t\t\t<\/ul>\n\t<\/div>\n\t<div class=\"fusion-post-content-wrapper\" style=\"padding:30px 25px 25px 25px;\"><div class=\"fusion-post-content post-content\"><h2 class=\"blog-shortcode-post-title entry-title\"><a href=\"https:\/\/naree.pl\/blog\/sukienki-wyszczuplajace\/\">Jaka sukienka wyszczupla? 3 sukienki wyszczuplaj\u0105ce na wesele, do pracy i na co dzie\u0144<\/a><\/h2><p class=\"fusion-single-line-meta\"><span class=\"vcard\" style=\"display: none;\"><span class=\"fn\"><a href=\"https:\/\/naree.pl\/blog\/author\/justyna-goreckanaree-pl\/\" title=\"Wpisy od Justyna G\u00f3recka\" rel=\"author\">Justyna G\u00f3recka<\/a><\/span><\/span><span class=\"updated\" style=\"display:none;\">2026-01-12T10:08:22+01:00<\/span><span>12 stycznia, 2026<\/span><span class=\"fusion-inline-sep\">|<\/span><a href=\"https:\/\/naree.pl\/blog\/category\/porady\/\" rel=\"category tag\">Porady<\/a><span class=\"fusion-inline-sep\">|<\/span><\/p><div class=\"fusion-content-sep sep-none\"><\/div><div class=\"fusion-post-content-container\"><p>          Sukienki optycznie wyszczuplaj\u0105ce sylwetk\u0119 to: kopertowa, d\u0142uga i obcis\u0142a z d\u0142ugim r\u0119kawem oraz odcinana pod biustem albo w kroju A\/trapezowym. Kupuj wyszczuplaj\u0105ce sukienki posiadaj\u0105ce drapowania, ciemne kolory i pionowe wzory (np. pionowe pasy), kt\u00f3re optycznie wysmuklaj\u0105 nawet o kilka centymetr\u00f3w. Dla wzmocnienia efektu mo\u017cesz tak\u017ce za\u0142o\u017cy\u0107 bielizn\u0119 modeluj\u0105c\u0105.   [...]<\/p><\/div><\/div><\/div><div class=\"fusion-clearfix\"><\/div><\/div>\n<\/article>\n<article id=\"blog-1-post-6670\" class=\"fusion-post-grid post-6670 post type-post status-publish format-standard has-post-thumbnail hentry category-porady\">\n<div class=\"fusion-post-wrapper\" style=\"background-color:hsla(var(--awb-color1-h),var(--awb-color1-s),var(--awb-color1-l),calc(var(--awb-color1-a) - 100%));border:none;\">\n\n\t\t\t<div class=\"fusion-flexslider flexslider fusion-flexslider-loading fusion-post-slideshow\" style=\"border-color:hsla(var(--awb-color1-h),var(--awb-color1-s),var(--awb-color1-l),calc(var(--awb-color1-a) - 100%));\">\n\t\t<ul class=\"slides\">\n\t\t\t\n\t\t\t\t\t\t\t\t\t\t\t\t\t\t<li><div  class=\"fusion-image-wrapper\" aria-haspopup=\"true\">\n\t\t\t\t<img decoding=\"async\" width=\"800\" height=\"1000\" src=\"https:\/\/naree.pl\/blog\/wp-content\/uploads\/2025\/12\/Projekt-bez-nazwy-20.jpg\" class=\"attachment-full size-full wp-post-image\" alt=\"czerwona sukienka tuba\" srcset=\"https:\/\/naree.pl\/blog\/wp-content\/uploads\/2025\/12\/Projekt-bez-nazwy-20-200x250.jpg 200w, https:\/\/naree.pl\/blog\/wp-content\/uploads\/2025\/12\/Projekt-bez-nazwy-20-400x500.jpg 400w, https:\/\/naree.pl\/blog\/wp-content\/uploads\/2025\/12\/Projekt-bez-nazwy-20-600x750.jpg 600w, https:\/\/naree.pl\/blog\/wp-content\/uploads\/2025\/12\/Projekt-bez-nazwy-20.jpg 800w\" sizes=\"(min-width: 2200px) 100vw, (min-width: 784px) 387px, (min-width: 712px) 580px, (min-width: 640px) 712px, \" \/><div class=\"fusion-rollover\">\n\t<div class=\"fusion-rollover-content\">\n\n\t\t\t\t\n\t\t\n\t\t\t\t\t\t\t\t\t\t\t\t<h4 class=\"fusion-rollover-title\">\n\t\t\t\t\t<a class=\"fusion-rollover-title-link\" href=\"https:\/\/naree.pl\/blog\/sukienki-na-swieta\/\">\n\t\t\t\t\t\tSukienki na \u015bwi\u0119ta \u2013 jakie ubra\u0107? | blog NAREE\t\t\t\t\t<\/a>\n\t\t\t\t<\/h4>\n\t\t\t\n\t\t\t\t\t\t\t\t\t\t<div class=\"fusion-rollover-categories\"><a href=\"https:\/\/naree.pl\/blog\/category\/porady\/\" rel=\"tag\">Porady<\/a><\/div>\t\t\t\t\t\n\t\t\n\t\t\t\t\t\t<a class=\"fusion-link-wrapper\" href=\"https:\/\/naree.pl\/blog\/sukienki-na-swieta\/\" aria-label=\"Sukienki na \u015bwi\u0119ta \u2013 jakie ubra\u0107? | blog NAREE\"><\/a>\n\t<\/div>\n<\/div>\n<\/div>\n<\/li>\n\t\t\t\n\t\t\t\n\t\t\t\t\t\t\t\t<\/ul>\n\t<\/div>\n\t<div class=\"fusion-post-content-wrapper\" style=\"padding:30px 25px 25px 25px;\"><div class=\"fusion-post-content post-content\"><h2 class=\"blog-shortcode-post-title entry-title\"><a href=\"https:\/\/naree.pl\/blog\/sukienki-na-swieta\/\">Sukienki na \u015bwi\u0119ta \u2013 jakie ubra\u0107? | blog NAREE<\/a><\/h2><p class=\"fusion-single-line-meta\"><span class=\"vcard\" style=\"display: none;\"><span class=\"fn\"><a href=\"https:\/\/naree.pl\/blog\/author\/justyna-goreckanaree-pl\/\" title=\"Wpisy od Justyna G\u00f3recka\" rel=\"author\">Justyna G\u00f3recka<\/a><\/span><\/span><span class=\"updated\" style=\"display:none;\">2026-01-07T14:43:55+01:00<\/span><span>18 grudnia, 2025<\/span><span class=\"fusion-inline-sep\">|<\/span><a href=\"https:\/\/naree.pl\/blog\/category\/porady\/\" rel=\"category tag\">Porady<\/a><span class=\"fusion-inline-sep\">|<\/span><\/p><div class=\"fusion-content-sep sep-none\"><\/div><div class=\"fusion-post-content-container\"><p>         Na \u015bwi\u0119ta ubierz sukienki dopasowane do rodzaju uroczysto\u015bci. Na rodzinn\u0105 kolacj\u0119 wigilijn\u0105 za\u0142\u00f3\u017c wygodn\u0105 sukienk\u0119 midi z bawe\u0142ny lub wiskozy, na firmow\u0105 wigili\u0119 postaw na eleganck\u0105 czer\u0144, granat albo butelkow\u0105 ziele\u0144 (najlepiej w d\u0142ugo\u015bci midi), a na uroczyste spotkanie sprawdzi si\u0119 klasyczna czerwie\u0144 lub d\u0142ugi model z delikatnym po\u0142yskiem. Zobacz 10 [...]<\/p><\/div><\/div><\/div><div class=\"fusion-clearfix\"><\/div><\/div>\n<\/article>\n<article id=\"blog-1-post-6643\" class=\"fusion-post-grid post-6643 post type-post status-publish format-standard has-post-thumbnail hentry category-inspiracje\">\n<div class=\"fusion-post-wrapper\" style=\"background-color:hsla(var(--awb-color1-h),var(--awb-color1-s),var(--awb-color1-l),calc(var(--awb-color1-a) - 100%));border:none;\">\n\n\t\t\t<div class=\"fusion-flexslider flexslider fusion-flexslider-loading fusion-post-slideshow\" style=\"border-color:hsla(var(--awb-color1-h),var(--awb-color1-s),var(--awb-color1-l),calc(var(--awb-color1-a) - 100%));\">\n\t\t<ul class=\"slides\">\n\t\t\t\n\t\t\t\t\t\t\t\t\t\t\t\t\t\t<li><div  class=\"fusion-image-wrapper\" aria-haspopup=\"true\">\n\t\t\t\t<img decoding=\"async\" width=\"800\" height=\"1000\" src=\"https:\/\/naree.pl\/blog\/wp-content\/uploads\/2025\/12\/glowne-800x1000px.webp\" class=\"attachment-full size-full wp-post-image\" alt=\"NAREE Festive Season\" srcset=\"https:\/\/naree.pl\/blog\/wp-content\/uploads\/2025\/12\/glowne-800x1000px-200x250.webp 200w, https:\/\/naree.pl\/blog\/wp-content\/uploads\/2025\/12\/glowne-800x1000px-400x500.webp 400w, https:\/\/naree.pl\/blog\/wp-content\/uploads\/2025\/12\/glowne-800x1000px-600x750.webp 600w, https:\/\/naree.pl\/blog\/wp-content\/uploads\/2025\/12\/glowne-800x1000px.webp 800w\" sizes=\"(min-width: 2200px) 100vw, (min-width: 784px) 387px, (min-width: 712px) 580px, (min-width: 640px) 712px, \" \/><div class=\"fusion-rollover\">\n\t<div class=\"fusion-rollover-content\">\n\n\t\t\t\t\n\t\t\n\t\t\t\t\t\t\t\t\t\t\t\t<h4 class=\"fusion-rollover-title\">\n\t\t\t\t\t<a class=\"fusion-rollover-title-link\" href=\"https:\/\/naree.pl\/blog\/lookbook-let-it-glow\/\">\n\t\t\t\t\t\tLookbook Let it glow!\t\t\t\t\t<\/a>\n\t\t\t\t<\/h4>\n\t\t\t\n\t\t\t\t\t\t\t\t\t\t<div class=\"fusion-rollover-categories\"><a href=\"https:\/\/naree.pl\/blog\/category\/inspiracje\/\" rel=\"tag\">Inspiracje<\/a><\/div>\t\t\t\t\t\n\t\t\n\t\t\t\t\t\t<a class=\"fusion-link-wrapper\" href=\"https:\/\/naree.pl\/blog\/lookbook-let-it-glow\/\" aria-label=\"Lookbook Let it glow!\"><\/a>\n\t<\/div>\n<\/div>\n<\/div>\n<\/li>\n\t\t\t\n\t\t\t\n\t\t\t\t\t\t\t\t<\/ul>\n\t<\/div>\n\t<div class=\"fusion-post-content-wrapper\" style=\"padding:30px 25px 25px 25px;\"><div class=\"fusion-post-content post-content\"><h2 class=\"blog-shortcode-post-title entry-title\"><a href=\"https:\/\/naree.pl\/blog\/lookbook-let-it-glow\/\">Lookbook Let it glow!<\/a><\/h2><p class=\"fusion-single-line-meta\"><span class=\"vcard\" style=\"display: none;\"><span class=\"fn\"><a href=\"https:\/\/naree.pl\/blog\/author\/justyna-goreckanaree-pl\/\" title=\"Wpisy od Justyna G\u00f3recka\" rel=\"author\">Justyna G\u00f3recka<\/a><\/span><\/span><span class=\"updated\" style=\"display:none;\">2025-12-30T09:07:10+01:00<\/span><span>4 grudnia, 2025<\/span><span class=\"fusion-inline-sep\">|<\/span><a href=\"https:\/\/naree.pl\/blog\/category\/inspiracje\/\" rel=\"category tag\">Inspiracje<\/a><span class=\"fusion-inline-sep\">|<\/span><\/p><div class=\"fusion-content-sep sep-none\"><\/div><div class=\"fusion-post-content-container\"><p>          \u015awi\u0119ta i koniec roku maj\u0105 sw\u00f3j wyj\u0105tkowy rytm \u2013 troch\u0119 nostalgiczny, troch\u0119 magiczny, troch\u0119 imprezowy. To czas, w kt\u00f3rym chcemy wygl\u0105da\u0107 pi\u0119knie, ale te\u017c czu\u0107 si\u0119 sob\u0105. W\u0142a\u015bnie z tej potrzeby powsta\u0142a kolekcja Let it glow! \u2013 pe\u0142na subtelnego blasku, od\u015bwi\u0119tnych detali i kobiecych fason\u00f3w, kt\u00f3re pozwalaj\u0105 l\u015bni\u0107 na w\u0142asnych [...]<\/p><\/div><\/div><\/div><div class=\"fusion-clearfix\"><\/div><\/div>\n<\/article>\n<article id=\"blog-1-post-6553\" class=\"fusion-post-grid post-6553 post type-post status-publish format-standard has-post-thumbnail hentry category-porady\">\n<div class=\"fusion-post-wrapper\" style=\"background-color:hsla(var(--awb-color1-h),var(--awb-color1-s),var(--awb-color1-l),calc(var(--awb-color1-a) - 100%));border:none;\">\n\n\t\t\t<div class=\"fusion-flexslider flexslider fusion-flexslider-loading fusion-post-slideshow\" style=\"border-color:hsla(var(--awb-color1-h),var(--awb-color1-s),var(--awb-color1-l),calc(var(--awb-color1-a) - 100%));\">\n\t\t<ul class=\"slides\">\n\t\t\t\n\t\t\t\t\t\t\t\t\t\t\t\t\t\t<li><div  class=\"fusion-image-wrapper\" aria-haspopup=\"true\">\n\t\t\t\t<img decoding=\"async\" width=\"800\" height=\"1000\" src=\"https:\/\/naree.pl\/blog\/wp-content\/uploads\/2025\/11\/Projekt-bez-nazwy-17.jpg\" class=\"attachment-full size-full wp-post-image\" alt=\"sukienka na sylwestra plus size\" srcset=\"https:\/\/naree.pl\/blog\/wp-content\/uploads\/2025\/11\/Projekt-bez-nazwy-17-200x250.jpg 200w, https:\/\/naree.pl\/blog\/wp-content\/uploads\/2025\/11\/Projekt-bez-nazwy-17-400x500.jpg 400w, https:\/\/naree.pl\/blog\/wp-content\/uploads\/2025\/11\/Projekt-bez-nazwy-17-600x750.jpg 600w, https:\/\/naree.pl\/blog\/wp-content\/uploads\/2025\/11\/Projekt-bez-nazwy-17.jpg 800w\" sizes=\"(min-width: 2200px) 100vw, (min-width: 784px) 387px, (min-width: 712px) 580px, (min-width: 640px) 712px, \" \/><div class=\"fusion-rollover\">\n\t<div class=\"fusion-rollover-content\">\n\n\t\t\t\t\n\t\t\n\t\t\t\t\t\t\t\t\t\t\t\t<h4 class=\"fusion-rollover-title\">\n\t\t\t\t\t<a class=\"fusion-rollover-title-link\" href=\"https:\/\/naree.pl\/blog\/sukienka-na-sylwestra-plus-size\/\">\n\t\t\t\t\t\tSukienka na sylwestra plus size | 4 stylizacje polskiej marki\t\t\t\t\t<\/a>\n\t\t\t\t<\/h4>\n\t\t\t\n\t\t\t\t\t\t\t\t\t\t<div class=\"fusion-rollover-categories\"><a href=\"https:\/\/naree.pl\/blog\/category\/porady\/\" rel=\"tag\">Porady<\/a><\/div>\t\t\t\t\t\n\t\t\n\t\t\t\t\t\t<a class=\"fusion-link-wrapper\" href=\"https:\/\/naree.pl\/blog\/sukienka-na-sylwestra-plus-size\/\" aria-label=\"Sukienka na sylwestra plus size | 4 stylizacje polskiej marki\"><\/a>\n\t<\/div>\n<\/div>\n<\/div>\n<\/li>\n\t\t\t\n\t\t\t\n\t\t\t\t\t\t\t\t<\/ul>\n\t<\/div>\n\t<div class=\"fusion-post-content-wrapper\" style=\"padding:30px 25px 25px 25px;\"><div class=\"fusion-post-content post-content\"><h2 class=\"blog-shortcode-post-title entry-title\"><a href=\"https:\/\/naree.pl\/blog\/sukienka-na-sylwestra-plus-size\/\">Sukienka na sylwestra plus size | 4 stylizacje polskiej marki<\/a><\/h2><p class=\"fusion-single-line-meta\"><span class=\"vcard\" style=\"display: none;\"><span class=\"fn\"><a href=\"https:\/\/naree.pl\/blog\/author\/justyna-goreckanaree-pl\/\" title=\"Wpisy od Justyna G\u00f3recka\" rel=\"author\">Justyna G\u00f3recka<\/a><\/span><\/span><span class=\"updated\" style=\"display:none;\">2026-01-07T14:54:12+01:00<\/span><span>28 listopada, 2025<\/span><span class=\"fusion-inline-sep\">|<\/span><a href=\"https:\/\/naree.pl\/blog\/category\/porady\/\" rel=\"category tag\">Porady<\/a><span class=\"fusion-inline-sep\">|<\/span><\/p><div class=\"fusion-content-sep sep-none\"><\/div><div class=\"fusion-post-content-container\"><p>         Sylwester to wyj\u0105tkowa noc, podczas kt\u00f3rej warto podkre\u015bli\u0107 sw\u00f3j styl i poczu\u0107 magi\u0119 chwili. Pomo\u017ce Ci w tym sukienka na sylwestra plus size. W NAREE ka\u017cda kobieta mo\u017ce znale\u017a\u0107 swoj\u0105 wymarzon\u0105 sukienk\u0119 na t\u0119 okazj\u0119, kt\u00f3ra pozwoli Ci b\u0142yszcze\u0107 jak nigdy wcze\u015bniej i b\u0119dziesz czu\u0107 si\u0119 pi\u0119knie i pewnie przez ca\u0142\u0105 [...]<\/p><\/div><\/div><\/div><div class=\"fusion-clearfix\"><\/div><\/div>\n<\/article>\n<article id=\"blog-1-post-6496\" class=\"fusion-post-grid post-6496 post type-post status-publish format-standard has-post-thumbnail hentry category-uncategorized\">\n<div class=\"fusion-post-wrapper\" style=\"background-color:hsla(var(--awb-color1-h),var(--awb-color1-s),var(--awb-color1-l),calc(var(--awb-color1-a) - 100%));border:none;\">\n\n\t\t\t<div class=\"fusion-flexslider flexslider fusion-flexslider-loading fusion-post-slideshow\" style=\"border-color:hsla(var(--awb-color1-h),var(--awb-color1-s),var(--awb-color1-l),calc(var(--awb-color1-a) - 100%));\">\n\t\t<ul class=\"slides\">\n\t\t\t\n\t\t\t\t\t\t\t\t\t\t\t\t\t\t<li><div  class=\"fusion-image-wrapper\" aria-haspopup=\"true\">\n\t\t\t\t<img decoding=\"async\" width=\"800\" height=\"1000\" src=\"https:\/\/naree.pl\/blog\/wp-content\/uploads\/2025\/11\/Projekt-bez-nazwy-14.jpg\" class=\"attachment-full size-full wp-post-image\" alt=\"wigilia firmowa jak sie ubrac\" srcset=\"https:\/\/naree.pl\/blog\/wp-content\/uploads\/2025\/11\/Projekt-bez-nazwy-14-200x250.jpg 200w, https:\/\/naree.pl\/blog\/wp-content\/uploads\/2025\/11\/Projekt-bez-nazwy-14-400x500.jpg 400w, https:\/\/naree.pl\/blog\/wp-content\/uploads\/2025\/11\/Projekt-bez-nazwy-14-600x750.jpg 600w, https:\/\/naree.pl\/blog\/wp-content\/uploads\/2025\/11\/Projekt-bez-nazwy-14.jpg 800w\" sizes=\"(min-width: 2200px) 100vw, (min-width: 784px) 387px, (min-width: 712px) 580px, (min-width: 640px) 712px, \" \/><div class=\"fusion-rollover\">\n\t<div class=\"fusion-rollover-content\">\n\n\t\t\t\t\n\t\t\n\t\t\t\t\t\t\t\t\t\t\t\t<h4 class=\"fusion-rollover-title\">\n\t\t\t\t\t<a class=\"fusion-rollover-title-link\" href=\"https:\/\/naree.pl\/blog\/wigilia-firmowa-jak-sie-ubrac\/\">\n\t\t\t\t\t\tWigilia firmowa &#8211; jak si\u0119 ubra\u0107? 3 stylizacje\t\t\t\t\t<\/a>\n\t\t\t\t<\/h4>\n\t\t\t\n\t\t\t\t\t\t\t\t\t\t<div class=\"fusion-rollover-categories\"><a href=\"https:\/\/naree.pl\/blog\/category\/uncategorized\/\" rel=\"tag\">Uncategorized<\/a><\/div>\t\t\t\t\t\n\t\t\n\t\t\t\t\t\t<a class=\"fusion-link-wrapper\" href=\"https:\/\/naree.pl\/blog\/wigilia-firmowa-jak-sie-ubrac\/\" aria-label=\"Wigilia firmowa &#8211; jak si\u0119 ubra\u0107? 3 stylizacje\"><\/a>\n\t<\/div>\n<\/div>\n<\/div>\n<\/li>\n\t\t\t\n\t\t\t\n\t\t\t\t\t\t\t\t<\/ul>\n\t<\/div>\n\t<div class=\"fusion-post-content-wrapper\" style=\"padding:30px 25px 25px 25px;\"><div class=\"fusion-post-content post-content\"><h2 class=\"blog-shortcode-post-title entry-title\"><a href=\"https:\/\/naree.pl\/blog\/wigilia-firmowa-jak-sie-ubrac\/\">Wigilia firmowa &#8211; jak si\u0119 ubra\u0107? 3 stylizacje<\/a><\/h2><p class=\"fusion-single-line-meta\"><span class=\"vcard\" style=\"display: none;\"><span class=\"fn\"><a href=\"https:\/\/naree.pl\/blog\/author\/justyna-goreckanaree-pl\/\" title=\"Wpisy od Justyna G\u00f3recka\" rel=\"author\">Justyna G\u00f3recka<\/a><\/span><\/span><span class=\"updated\" style=\"display:none;\">2025-11-27T11:07:33+01:00<\/span><span>27 listopada, 2025<\/span><span class=\"fusion-inline-sep\">|<\/span><a href=\"https:\/\/naree.pl\/blog\/category\/uncategorized\/\" rel=\"category tag\">Uncategorized<\/a><span class=\"fusion-inline-sep\">|<\/span><\/p><div class=\"fusion-content-sep sep-none\"><\/div><div class=\"fusion-post-content-container\"><p>         Wigilia firmowa to moment, kiedy zwyk\u0142y biurowy dress code zamienia si\u0119 w elegancki. Pojawia si\u0119 wi\u0119c pytanie: \u201ewigilia firmowa \u2013 jak si\u0119 ubra\u0107?\u201d, \u017ceby str\u00f3j by\u0142 od\u015bwi\u0119tny, ale nie przesadnie wieczorowy, oraz wygodny na kilka godzin siedzenia przy stole.        Zobacz 3 gotowe stylizacje na [...]<\/p><\/div><\/div><\/div><div class=\"fusion-clearfix\"><\/div><\/div>\n<\/article>\n<article id=\"blog-1-post-6466\" class=\"fusion-post-grid post-6466 post type-post status-publish format-standard has-post-thumbnail hentry category-porady\">\n<div class=\"fusion-post-wrapper\" style=\"background-color:hsla(var(--awb-color1-h),var(--awb-color1-s),var(--awb-color1-l),calc(var(--awb-color1-a) - 100%));border:none;\">\n\n\t\t\t<div class=\"fusion-flexslider flexslider fusion-flexslider-loading fusion-post-slideshow\" style=\"border-color:hsla(var(--awb-color1-h),var(--awb-color1-s),var(--awb-color1-l),calc(var(--awb-color1-a) - 100%));\">\n\t\t<ul class=\"slides\">\n\t\t\t\n\t\t\t\t\t\t\t\t\t\t\t\t\t\t<li><div  class=\"fusion-image-wrapper\" aria-haspopup=\"true\">\n\t\t\t\t<img decoding=\"async\" width=\"800\" height=\"1000\" src=\"https:\/\/naree.pl\/blog\/wp-content\/uploads\/2025\/10\/Projekt-bez-nazwy-6.jpg\" class=\"attachment-full size-full wp-post-image\" alt=\"naree kurtka puchowa\" srcset=\"https:\/\/naree.pl\/blog\/wp-content\/uploads\/2025\/10\/Projekt-bez-nazwy-6-200x250.jpg 200w, https:\/\/naree.pl\/blog\/wp-content\/uploads\/2025\/10\/Projekt-bez-nazwy-6-400x500.jpg 400w, https:\/\/naree.pl\/blog\/wp-content\/uploads\/2025\/10\/Projekt-bez-nazwy-6-600x750.jpg 600w, https:\/\/naree.pl\/blog\/wp-content\/uploads\/2025\/10\/Projekt-bez-nazwy-6.jpg 800w\" sizes=\"(min-width: 2200px) 100vw, (min-width: 784px) 387px, (min-width: 712px) 580px, (min-width: 640px) 712px, \" \/><div class=\"fusion-rollover\">\n\t<div class=\"fusion-rollover-content\">\n\n\t\t\t\t\n\t\t\n\t\t\t\t\t\t\t\t\t\t\t\t<h4 class=\"fusion-rollover-title\">\n\t\t\t\t\t<a class=\"fusion-rollover-title-link\" href=\"https:\/\/naree.pl\/blog\/jak-prac-kurtke-puchowa-w-pralce\/\">\n\t\t\t\t\t\tJak pra\u0107 kurtk\u0119 puchow\u0105 w pralce? Przewodnik krok po kroku\t\t\t\t\t<\/a>\n\t\t\t\t<\/h4>\n\t\t\t\n\t\t\t\t\t\t\t\t\t\t<div class=\"fusion-rollover-categories\"><a href=\"https:\/\/naree.pl\/blog\/category\/porady\/\" rel=\"tag\">Porady<\/a><\/div>\t\t\t\t\t\n\t\t\n\t\t\t\t\t\t<a class=\"fusion-link-wrapper\" href=\"https:\/\/naree.pl\/blog\/jak-prac-kurtke-puchowa-w-pralce\/\" aria-label=\"Jak pra\u0107 kurtk\u0119 puchow\u0105 w pralce? Przewodnik krok po kroku\"><\/a>\n\t<\/div>\n<\/div>\n<\/div>\n<\/li>\n\t\t\t\n\t\t\t\n\t\t\t\t\t\t\t\t<\/ul>\n\t<\/div>\n\t<div class=\"fusion-post-content-wrapper\" style=\"padding:30px 25px 25px 25px;\"><div class=\"fusion-post-content post-content\"><h2 class=\"blog-shortcode-post-title entry-title\"><a href=\"https:\/\/naree.pl\/blog\/jak-prac-kurtke-puchowa-w-pralce\/\">Jak pra\u0107 kurtk\u0119 puchow\u0105 w pralce? Przewodnik krok po kroku<\/a><\/h2><p class=\"fusion-single-line-meta\"><span class=\"vcard\" style=\"display: none;\"><span class=\"fn\"><a href=\"https:\/\/naree.pl\/blog\/author\/justyna-goreckanaree-pl\/\" title=\"Wpisy od Justyna G\u00f3recka\" rel=\"author\">Justyna G\u00f3recka<\/a><\/span><\/span><span class=\"updated\" style=\"display:none;\">2025-10-31T12:06:45+01:00<\/span><span>31 pa\u017adziernika, 2025<\/span><span class=\"fusion-inline-sep\">|<\/span><a href=\"https:\/\/naree.pl\/blog\/category\/porady\/\" rel=\"category tag\">Porady<\/a><span class=\"fusion-inline-sep\">|<\/span><\/p><div class=\"fusion-content-sep sep-none\"><\/div><div class=\"fusion-post-content-container\"><p>          Wiele naszych klientek obawia si\u0119 pra\u0107 swoj\u0105 ulubion\u0105 puchow\u0105 kurtk\u0119 w domu, boj\u0105c si\u0119, \u017ce zniszczy jej w\u0142a\u015bciwo\u015bci izolacyjne lub doprowadzi do zbijania si\u0119 puchu. Te obawy nie s\u0105 bezpodstawne \u2013 niew\u0142a\u015bciwe pranie rzeczywi\u015bcie cz\u0119sto skutkuje utrat\u0105 puszysto\u015bci i ciep\u0142ochronno\u015bci. Jednak przy zachowaniu odpowiednich zasad i \u015brodk\u00f3w ostro\u017cno\u015bci, odzie\u017c puchowa [...]<\/p><\/div><\/div><\/div><div class=\"fusion-clearfix\"><\/div><\/div>\n<\/article>\n<article id=\"blog-1-post-6459\" class=\"fusion-post-grid post-6459 post type-post status-publish format-standard has-post-thumbnail hentry category-media-o-nas\">\n<div class=\"fusion-post-wrapper\" style=\"background-color:hsla(var(--awb-color1-h),var(--awb-color1-s),var(--awb-color1-l),calc(var(--awb-color1-a) - 100%));border:none;\">\n\n\t\t\t<div class=\"fusion-flexslider flexslider fusion-flexslider-loading fusion-post-slideshow\" style=\"border-color:hsla(var(--awb-color1-h),var(--awb-color1-s),var(--awb-color1-l),calc(var(--awb-color1-a) - 100%));\">\n\t\t<ul class=\"slides\">\n\t\t\t\n\t\t\t\t\t\t\t\t\t\t\t\t\t\t<li><div  class=\"fusion-image-wrapper\" aria-haspopup=\"true\">\n\t\t\t\t<img decoding=\"async\" width=\"800\" height=\"1000\" src=\"https:\/\/naree.pl\/blog\/wp-content\/uploads\/2025\/09\/800x1000-10.jpg\" class=\"attachment-full size-full wp-post-image\" alt=\"naree kolekcja jesie\u0144 zima\" srcset=\"https:\/\/naree.pl\/blog\/wp-content\/uploads\/2025\/09\/800x1000-10-200x250.jpg 200w, https:\/\/naree.pl\/blog\/wp-content\/uploads\/2025\/09\/800x1000-10-400x500.jpg 400w, https:\/\/naree.pl\/blog\/wp-content\/uploads\/2025\/09\/800x1000-10-600x750.jpg 600w, https:\/\/naree.pl\/blog\/wp-content\/uploads\/2025\/09\/800x1000-10.jpg 800w\" sizes=\"(min-width: 2200px) 100vw, (min-width: 784px) 387px, (min-width: 712px) 580px, (min-width: 640px) 712px, \" \/><div class=\"fusion-rollover\">\n\t<div class=\"fusion-rollover-content\">\n\n\t\t\t\t\n\t\t\n\t\t\t\t\t\t\t\t\t\t\t\t<h4 class=\"fusion-rollover-title\">\n\t\t\t\t\t<a class=\"fusion-rollover-title-link\" href=\"https:\/\/naree.pl\/blog\/top-3-cozy-swetry-glamour-naree\/\">\n\t\t\t\t\t\tTOP 3 cozy swetry w kolorze silver mist. Peach Grey NAREE z 100% we\u0142ny merino na 1. miejscu\t\t\t\t\t<\/a>\n\t\t\t\t<\/h4>\n\t\t\t\n\t\t\t\t\t\t\t\t\t\t<div class=\"fusion-rollover-categories\"><a href=\"https:\/\/naree.pl\/blog\/category\/media-o-nas\/\" rel=\"tag\">Media o nas<\/a><\/div>\t\t\t\t\t\n\t\t\n\t\t\t\t\t\t<a class=\"fusion-link-wrapper\" href=\"https:\/\/naree.pl\/blog\/top-3-cozy-swetry-glamour-naree\/\" aria-label=\"TOP 3 cozy swetry w kolorze silver mist. Peach Grey NAREE z 100% we\u0142ny merino na 1. miejscu\"><\/a>\n\t<\/div>\n<\/div>\n<\/div>\n<\/li>\n\t\t\t\n\t\t\t\n\t\t\t\t\t\t\t\t<\/ul>\n\t<\/div>\n\t<div class=\"fusion-post-content-wrapper\" style=\"padding:30px 25px 25px 25px;\"><div class=\"fusion-post-content post-content\"><h2 class=\"blog-shortcode-post-title entry-title\"><a href=\"https:\/\/naree.pl\/blog\/top-3-cozy-swetry-glamour-naree\/\">TOP 3 cozy swetry w kolorze silver mist. Peach Grey NAREE z 100% we\u0142ny merino na 1. miejscu<\/a><\/h2><p class=\"fusion-single-line-meta\"><span class=\"vcard\" style=\"display: none;\"><span class=\"fn\"><a href=\"https:\/\/naree.pl\/blog\/author\/justyna-goreckanaree-pl\/\" title=\"Wpisy od Justyna G\u00f3recka\" rel=\"author\">Justyna G\u00f3recka<\/a><\/span><\/span><span class=\"updated\" style=\"display:none;\">2025-10-21T14:23:14+02:00<\/span><span>21 pa\u017adziernika, 2025<\/span><span class=\"fusion-inline-sep\">|<\/span><a href=\"https:\/\/naree.pl\/blog\/category\/media-o-nas\/\" rel=\"category tag\">Media o nas<\/a><span class=\"fusion-inline-sep\">|<\/span><\/p><div class=\"fusion-content-sep sep-none\"><\/div><div class=\"fusion-post-content-container\"><p>          Redakcja Glamour wskazuje, \u017ce tej jesieni wracamy do ch\u0142odnych szaro\u015bci \u2013 szczeg\u00f3lnie w wydaniu \u201ecozy\u201d, kt\u00f3re \u0142\u0105czy elegancj\u0119 i sportowy luz. W zestawieniu TOP 3 numerem jeden zosta\u0142 nasz Peach Grey: szary half-zip z 100% we\u0142ny merino o szerokim splocie. To wyb\u00f3r dla fanek skandynawskiego minimalizmu i jako\u015bci premium \u2013 [...]<\/p><\/div><\/div><\/div><div class=\"fusion-clearfix\"><\/div><\/div>\n<\/article>\n<article id=\"blog-1-post-6449\" class=\"fusion-post-grid post-6449 post type-post status-publish format-standard has-post-thumbnail hentry category-media-o-nas\">\n<div class=\"fusion-post-wrapper\" style=\"background-color:hsla(var(--awb-color1-h),var(--awb-color1-s),var(--awb-color1-l),calc(var(--awb-color1-a) - 100%));border:none;\">\n\n\t\t\t<div class=\"fusion-flexslider flexslider fusion-flexslider-loading fusion-post-slideshow\" style=\"border-color:hsla(var(--awb-color1-h),var(--awb-color1-s),var(--awb-color1-l),calc(var(--awb-color1-a) - 100%));\">\n\t\t<ul class=\"slides\">\n\t\t\t\n\t\t\t\t\t\t\t\t\t\t\t\t\t\t<li><div  class=\"fusion-image-wrapper\" aria-haspopup=\"true\">\n\t\t\t\t<img decoding=\"async\" width=\"800\" height=\"1000\" src=\"https:\/\/naree.pl\/blog\/wp-content\/uploads\/2025\/10\/polki-800x1000pxgotowe.jpg\" class=\"attachment-full size-full wp-post-image\" alt=\"\" srcset=\"https:\/\/naree.pl\/blog\/wp-content\/uploads\/2025\/10\/polki-800x1000pxgotowe-200x250.jpg 200w, https:\/\/naree.pl\/blog\/wp-content\/uploads\/2025\/10\/polki-800x1000pxgotowe-400x500.jpg 400w, https:\/\/naree.pl\/blog\/wp-content\/uploads\/2025\/10\/polki-800x1000pxgotowe-600x750.jpg 600w, https:\/\/naree.pl\/blog\/wp-content\/uploads\/2025\/10\/polki-800x1000pxgotowe.jpg 800w\" sizes=\"(min-width: 2200px) 100vw, (min-width: 784px) 387px, (min-width: 712px) 580px, (min-width: 640px) 712px, \" \/><div class=\"fusion-rollover\">\n\t<div class=\"fusion-rollover-content\">\n\n\t\t\t\t\n\t\t\n\t\t\t\t\t\t\t\t\t\t\t\t<h4 class=\"fusion-rollover-title\">\n\t\t\t\t\t<a class=\"fusion-rollover-title-link\" href=\"https:\/\/naree.pl\/blog\/polki-naree\/\">\n\t\t\t\t\t\tPOLKI \u2013 Sztruksowa mini na jesie\u0144 2025. NAREE Aruba Dark Chocolate w\u015br\u00f3d top modeli\t\t\t\t\t<\/a>\n\t\t\t\t<\/h4>\n\t\t\t\n\t\t\t\t\t\t\t\t\t\t<div class=\"fusion-rollover-categories\"><a href=\"https:\/\/naree.pl\/blog\/category\/media-o-nas\/\" rel=\"tag\">Media o nas<\/a><\/div>\t\t\t\t\t\n\t\t\n\t\t\t\t\t\t<a class=\"fusion-link-wrapper\" href=\"https:\/\/naree.pl\/blog\/polki-naree\/\" aria-label=\"POLKI \u2013 Sztruksowa mini na jesie\u0144 2025. NAREE Aruba Dark Chocolate w\u015br\u00f3d top modeli\"><\/a>\n\t<\/div>\n<\/div>\n<\/div>\n<\/li>\n\t\t\t\n\t\t\t\n\t\t\t\t\t\t\t\t<\/ul>\n\t<\/div>\n\t<div class=\"fusion-post-content-wrapper\" style=\"padding:30px 25px 25px 25px;\"><div class=\"fusion-post-content post-content\"><h2 class=\"blog-shortcode-post-title entry-title\"><a href=\"https:\/\/naree.pl\/blog\/polki-naree\/\">POLKI \u2013 Sztruksowa mini na jesie\u0144 2025. NAREE Aruba Dark Chocolate w\u015br\u00f3d top modeli<\/a><\/h2><p class=\"fusion-single-line-meta\"><span class=\"vcard\" style=\"display: none;\"><span class=\"fn\"><a href=\"https:\/\/naree.pl\/blog\/author\/justyna-goreckanaree-pl\/\" title=\"Wpisy od Justyna G\u00f3recka\" rel=\"author\">Justyna G\u00f3recka<\/a><\/span><\/span><span class=\"updated\" style=\"display:none;\">2025-10-03T12:29:04+02:00<\/span><span>3 pa\u017adziernika, 2025<\/span><span class=\"fusion-inline-sep\">|<\/span><a href=\"https:\/\/naree.pl\/blog\/category\/media-o-nas\/\" rel=\"category tag\">Media o nas<\/a><span class=\"fusion-inline-sep\">|<\/span><\/p><div class=\"fusion-content-sep sep-none\"><\/div><div class=\"fusion-post-content-container\"><p>          Polki.pl og\u0142asza powr\u00f3t sztruksu i wskazuje br\u0105zow\u0105 mini jako jeden z najmocniejszych akcent\u00f3w sezonu. W zestawieniu znalaz\u0142a si\u0119 sp\u00f3dnica NAREE Aruba Dark Chocolate \u2014 prosta, do po\u0142owy uda, z wyra\u017anym, jesiennym charakterem. Redakcja podkre\u015bla, \u017ce nowa kolekcja marki niesie skandynawski klimat i jest na tyle uniwersalna, by \u0142atwo wkomponowa\u0107 j\u0105 [...]<\/p><\/div><\/div><\/div><div class=\"fusion-clearfix\"><\/div><\/div>\n<\/article>\n<article id=\"blog-1-post-6443\" class=\"fusion-post-grid post-6443 post type-post status-publish format-standard has-post-thumbnail hentry category-media-o-nas\">\n<div class=\"fusion-post-wrapper\" style=\"background-color:hsla(var(--awb-color1-h),var(--awb-color1-s),var(--awb-color1-l),calc(var(--awb-color1-a) - 100%));border:none;\">\n\n\t\t\t<div class=\"fusion-flexslider flexslider fusion-flexslider-loading fusion-post-slideshow\" style=\"border-color:hsla(var(--awb-color1-h),var(--awb-color1-s),var(--awb-color1-l),calc(var(--awb-color1-a) - 100%));\">\n\t\t<ul class=\"slides\">\n\t\t\t\n\t\t\t\t\t\t\t\t\t\t\t\t\t\t<li><div  class=\"fusion-image-wrapper\" aria-haspopup=\"true\">\n\t\t\t\t<img decoding=\"async\" width=\"800\" height=\"1000\" src=\"https:\/\/naree.pl\/blog\/wp-content\/uploads\/2025\/10\/wizaz_glowne-800x1000pxgotowe.jpg\" class=\"attachment-full size-full wp-post-image\" alt=\"naree\" srcset=\"https:\/\/naree.pl\/blog\/wp-content\/uploads\/2025\/10\/wizaz_glowne-800x1000pxgotowe-200x250.jpg 200w, https:\/\/naree.pl\/blog\/wp-content\/uploads\/2025\/10\/wizaz_glowne-800x1000pxgotowe-400x500.jpg 400w, https:\/\/naree.pl\/blog\/wp-content\/uploads\/2025\/10\/wizaz_glowne-800x1000pxgotowe-600x750.jpg 600w, https:\/\/naree.pl\/blog\/wp-content\/uploads\/2025\/10\/wizaz_glowne-800x1000pxgotowe.jpg 800w\" sizes=\"(min-width: 2200px) 100vw, (min-width: 784px) 387px, (min-width: 712px) 580px, (min-width: 640px) 712px, \" \/><div class=\"fusion-rollover\">\n\t<div class=\"fusion-rollover-content\">\n\n\t\t\t\t\n\t\t\n\t\t\t\t\t\t\t\t\t\t\t\t<h4 class=\"fusion-rollover-title\">\n\t\t\t\t\t<a class=\"fusion-rollover-title-link\" href=\"https:\/\/naree.pl\/blog\/wizaz-naree\/\">\n\t\t\t\t\t\tWIZA\u017b \u2013 Karmelowy longsleeve NAREE. 95% wiskozy i baza na ca\u0142\u0105 zim\u0119\t\t\t\t\t<\/a>\n\t\t\t\t<\/h4>\n\t\t\t\n\t\t\t\t\t\t\t\t\t\t<div class=\"fusion-rollover-categories\"><a href=\"https:\/\/naree.pl\/blog\/category\/media-o-nas\/\" rel=\"tag\">Media o nas<\/a><\/div>\t\t\t\t\t\n\t\t\n\t\t\t\t\t\t<a class=\"fusion-link-wrapper\" href=\"https:\/\/naree.pl\/blog\/wizaz-naree\/\" aria-label=\"WIZA\u017b \u2013 Karmelowy longsleeve NAREE. 95% wiskozy i baza na ca\u0142\u0105 zim\u0119\"><\/a>\n\t<\/div>\n<\/div>\n<\/div>\n<\/li>\n\t\t\t\n\t\t\t\n\t\t\t\t\t\t\t\t<\/ul>\n\t<\/div>\n\t<div class=\"fusion-post-content-wrapper\" style=\"padding:30px 25px 25px 25px;\"><div class=\"fusion-post-content post-content\"><h2 class=\"blog-shortcode-post-title entry-title\"><a href=\"https:\/\/naree.pl\/blog\/wizaz-naree\/\">WIZA\u017b \u2013 Karmelowy longsleeve NAREE. 95% wiskozy i baza na ca\u0142\u0105 zim\u0119<\/a><\/h2><p class=\"fusion-single-line-meta\"><span class=\"vcard\" style=\"display: none;\"><span class=\"fn\"><a href=\"https:\/\/naree.pl\/blog\/author\/justyna-goreckanaree-pl\/\" title=\"Wpisy od Justyna G\u00f3recka\" rel=\"author\">Justyna G\u00f3recka<\/a><\/span><\/span><span class=\"updated\" style=\"display:none;\">2025-10-03T12:19:42+02:00<\/span><span>3 pa\u017adziernika, 2025<\/span><span class=\"fusion-inline-sep\">|<\/span><a href=\"https:\/\/naree.pl\/blog\/category\/media-o-nas\/\" rel=\"category tag\">Media o nas<\/a><span class=\"fusion-inline-sep\">|<\/span><\/p><div class=\"fusion-content-sep sep-none\"><\/div><div class=\"fusion-post-content-container\"><p>          Wiza\u017c wyr\u00f3\u017cnia longsleeve NAREE w paski w odcieniu karmelu jako element, kt\u00f3ry \u0142atwo wprowadzi\u0107 do jesiennych i zimowych stylizacji. Redakcja podkre\u015bla sk\u0142ad z przewag\u0105 wiskozy, wygodny kr\u00f3j oraz wyko\u0144czenia przy r\u0119kawach. Model ma zabudowan\u0105 g\u00f3r\u0119 z zaokr\u0105glonym dekoltem i dobrze uk\u0142ada si\u0119 na sylwetce.\u00a0       [...]<\/p><\/div><\/div><\/div><div class=\"fusion-clearfix\"><\/div><\/div>\n<\/article>\n<article id=\"blog-1-post-6436\" class=\"fusion-post-grid post-6436 post type-post status-publish format-standard has-post-thumbnail hentry category-media-o-nas\">\n<div class=\"fusion-post-wrapper\" style=\"background-color:hsla(var(--awb-color1-h),var(--awb-color1-s),var(--awb-color1-l),calc(var(--awb-color1-a) - 100%));border:none;\">\n\n\t\t\t<div class=\"fusion-flexslider flexslider fusion-flexslider-loading fusion-post-slideshow\" style=\"border-color:hsla(var(--awb-color1-h),var(--awb-color1-s),var(--awb-color1-l),calc(var(--awb-color1-a) - 100%));\">\n\t\t<ul class=\"slides\">\n\t\t\t\n\t\t\t\t\t\t\t\t\t\t\t\t\t\t<li><div  class=\"fusion-image-wrapper\" aria-haspopup=\"true\">\n\t\t\t\t<img decoding=\"async\" width=\"800\" height=\"1000\" src=\"https:\/\/naree.pl\/blog\/wp-content\/uploads\/2025\/10\/Avanti24_glowne-800x1000pxgotowe.jpg\" class=\"attachment-full size-full wp-post-image\" alt=\"\" srcset=\"https:\/\/naree.pl\/blog\/wp-content\/uploads\/2025\/10\/Avanti24_glowne-800x1000pxgotowe-200x250.jpg 200w, https:\/\/naree.pl\/blog\/wp-content\/uploads\/2025\/10\/Avanti24_glowne-800x1000pxgotowe-400x500.jpg 400w, https:\/\/naree.pl\/blog\/wp-content\/uploads\/2025\/10\/Avanti24_glowne-800x1000pxgotowe-600x750.jpg 600w, https:\/\/naree.pl\/blog\/wp-content\/uploads\/2025\/10\/Avanti24_glowne-800x1000pxgotowe.jpg 800w\" sizes=\"(min-width: 2200px) 100vw, (min-width: 784px) 387px, (min-width: 712px) 580px, (min-width: 640px) 712px, \" \/><div class=\"fusion-rollover\">\n\t<div class=\"fusion-rollover-content\">\n\n\t\t\t\t\n\t\t\n\t\t\t\t\t\t\t\t\t\t\t\t<h4 class=\"fusion-rollover-title\">\n\t\t\t\t\t<a class=\"fusion-rollover-title-link\" href=\"https:\/\/naree.pl\/blog\/avanti24-polska-marka-naree-zaprasza-na-polnoc-hygge-i-swetry-na-jesien\/\">\n\t\t\t\t\t\tAVANTI24 \u2013 Polska marka NAREE zaprasza na P\u00f3\u0142noc. Hygge i swetry na jesie\u0144\t\t\t\t\t<\/a>\n\t\t\t\t<\/h4>\n\t\t\t\n\t\t\t\t\t\t\t\t\t\t<div class=\"fusion-rollover-categories\"><a href=\"https:\/\/naree.pl\/blog\/category\/media-o-nas\/\" rel=\"tag\">Media o nas<\/a><\/div>\t\t\t\t\t\n\t\t\n\t\t\t\t\t\t<a class=\"fusion-link-wrapper\" href=\"https:\/\/naree.pl\/blog\/avanti24-polska-marka-naree-zaprasza-na-polnoc-hygge-i-swetry-na-jesien\/\" aria-label=\"AVANTI24 \u2013 Polska marka NAREE zaprasza na P\u00f3\u0142noc. Hygge i swetry na jesie\u0144\"><\/a>\n\t<\/div>\n<\/div>\n<\/div>\n<\/li>\n\t\t\t\n\t\t\t\n\t\t\t\t\t\t\t\t<\/ul>\n\t<\/div>\n\t<div class=\"fusion-post-content-wrapper\" style=\"padding:30px 25px 25px 25px;\"><div class=\"fusion-post-content post-content\"><h2 class=\"blog-shortcode-post-title entry-title\"><a href=\"https:\/\/naree.pl\/blog\/avanti24-polska-marka-naree-zaprasza-na-polnoc-hygge-i-swetry-na-jesien\/\">AVANTI24 \u2013 Polska marka NAREE zaprasza na P\u00f3\u0142noc. Hygge i swetry na jesie\u0144<\/a><\/h2><p class=\"fusion-single-line-meta\"><span class=\"vcard\" style=\"display: none;\"><span class=\"fn\"><a href=\"https:\/\/naree.pl\/blog\/author\/justyna-goreckanaree-pl\/\" title=\"Wpisy od Justyna G\u00f3recka\" rel=\"author\">Justyna G\u00f3recka<\/a><\/span><\/span><span class=\"updated\" style=\"display:none;\">2025-10-03T12:14:29+02:00<\/span><span>3 pa\u017adziernika, 2025<\/span><span class=\"fusion-inline-sep\">|<\/span><a href=\"https:\/\/naree.pl\/blog\/category\/media-o-nas\/\" rel=\"category tag\">Media o nas<\/a><span class=\"fusion-inline-sep\">|<\/span><\/p><div class=\"fusion-content-sep sep-none\"><\/div><div class=\"fusion-post-content-container\"><p>          Avanti24 zapowiada jesienn\u0105 ods\u0142on\u0119 NAREE jako kierunek na P\u00f3\u0142noc: spokojny rytm dnia, przytulno\u015b\u0107 i wygoda. Has\u0142em przewodnim jest hygge, a sercem tej historii \u2014 swetry przygotowane na ch\u0142odniejsze miesi\u0105ce. Artyku\u0142 podkre\u015bla mi\u0119kko\u015b\u0107, komfort noszenia i codzienny charakter rzeczy, kt\u00f3re \u0142atwo wprowadzi\u0107 do szafy na co dzie\u0144.\u00a0\u00a0     [...]<\/p><\/div><\/div><\/div><div class=\"fusion-clearfix\"><\/div><\/div>\n<\/article>\n<article id=\"blog-1-post-6427\" class=\"fusion-post-grid post-6427 post type-post status-publish format-standard has-post-thumbnail hentry category-media-o-nas\">\n<div class=\"fusion-post-wrapper\" style=\"background-color:hsla(var(--awb-color1-h),var(--awb-color1-s),var(--awb-color1-l),calc(var(--awb-color1-a) - 100%));border:none;\">\n\n\t\t\t<div class=\"fusion-flexslider flexslider fusion-flexslider-loading fusion-post-slideshow\" style=\"border-color:hsla(var(--awb-color1-h),var(--awb-color1-s),var(--awb-color1-l),calc(var(--awb-color1-a) - 100%));\">\n\t\t<ul class=\"slides\">\n\t\t\t\n\t\t\t\t\t\t\t\t\t\t\t\t\t\t<li><div  class=\"fusion-image-wrapper\" aria-haspopup=\"true\">\n\t\t\t\t<img decoding=\"async\" width=\"800\" height=\"1000\" src=\"https:\/\/naree.pl\/blog\/wp-content\/uploads\/2025\/10\/NOIZZ_glowne-800x1000pxgotowe.jpg\" class=\"attachment-full size-full wp-post-image\" alt=\"\" srcset=\"https:\/\/naree.pl\/blog\/wp-content\/uploads\/2025\/10\/NOIZZ_glowne-800x1000pxgotowe-200x250.jpg 200w, https:\/\/naree.pl\/blog\/wp-content\/uploads\/2025\/10\/NOIZZ_glowne-800x1000pxgotowe-400x500.jpg 400w, https:\/\/naree.pl\/blog\/wp-content\/uploads\/2025\/10\/NOIZZ_glowne-800x1000pxgotowe-600x750.jpg 600w, https:\/\/naree.pl\/blog\/wp-content\/uploads\/2025\/10\/NOIZZ_glowne-800x1000pxgotowe.jpg 800w\" sizes=\"(min-width: 2200px) 100vw, (min-width: 784px) 387px, (min-width: 712px) 580px, (min-width: 640px) 712px, \" \/><div class=\"fusion-rollover\">\n\t<div class=\"fusion-rollover-content\">\n\n\t\t\t\t\n\t\t\n\t\t\t\t\t\t\t\t\t\t\t\t<h4 class=\"fusion-rollover-title\">\n\t\t\t\t\t<a class=\"fusion-rollover-title-link\" href=\"https:\/\/naree.pl\/blog\/noizz-poza-utartym-szlakiem-z-polska-marka-naree\/\">\n\t\t\t\t\t\tNOIZZ \u2013 Poza utartym szlakiem z polsk\u0105 mark\u0105 NAREE\t\t\t\t\t<\/a>\n\t\t\t\t<\/h4>\n\t\t\t\n\t\t\t\t\t\t\t\t\t\t<div class=\"fusion-rollover-categories\"><a href=\"https:\/\/naree.pl\/blog\/category\/media-o-nas\/\" rel=\"tag\">Media o nas<\/a><\/div>\t\t\t\t\t\n\t\t\n\t\t\t\t\t\t<a class=\"fusion-link-wrapper\" href=\"https:\/\/naree.pl\/blog\/noizz-poza-utartym-szlakiem-z-polska-marka-naree\/\" aria-label=\"NOIZZ \u2013 Poza utartym szlakiem z polsk\u0105 mark\u0105 NAREE\"><\/a>\n\t<\/div>\n<\/div>\n<\/div>\n<\/li>\n\t\t\t\n\t\t\t\n\t\t\t\t\t\t\t\t<\/ul>\n\t<\/div>\n\t<div class=\"fusion-post-content-wrapper\" style=\"padding:30px 25px 25px 25px;\"><div class=\"fusion-post-content post-content\"><h2 class=\"blog-shortcode-post-title entry-title\"><a href=\"https:\/\/naree.pl\/blog\/noizz-poza-utartym-szlakiem-z-polska-marka-naree\/\">NOIZZ \u2013 Poza utartym szlakiem z polsk\u0105 mark\u0105 NAREE<\/a><\/h2><p class=\"fusion-single-line-meta\"><span class=\"vcard\" style=\"display: none;\"><span class=\"fn\"><a href=\"https:\/\/naree.pl\/blog\/author\/justyna-goreckanaree-pl\/\" title=\"Wpisy od Justyna G\u00f3recka\" rel=\"author\">Justyna G\u00f3recka<\/a><\/span><\/span><span class=\"updated\" style=\"display:none;\">2025-10-03T11:26:55+02:00<\/span><span>3 pa\u017adziernika, 2025<\/span><span class=\"fusion-inline-sep\">|<\/span><a href=\"https:\/\/naree.pl\/blog\/category\/media-o-nas\/\" rel=\"category tag\">Media o nas<\/a><span class=\"fusion-inline-sep\">|<\/span><\/p><div class=\"fusion-content-sep sep-none\"><\/div><div class=\"fusion-post-content-container\"><p>          Najnowsza kolekcja jesie\u0144\u2013zima zaprasza na P\u00f3\u0142noc: surowy krajobraz i przytulno\u015b\u0107, slow rytm dnia, rzeczy projektowane do codzienno\u015bci. Motywem przewodnim jest podr\u00f3\u017c z Po\u0142udnia na P\u00f3\u0142noc i szukanie w\u0142asnej drogi.\u00a0\u00a0         W centrum s\u0105 warstwy: swetry z we\u0142ny merino, koszule oversize, body i longsleeve\u2019y, [...]<\/p><\/div><\/div><\/div><div class=\"fusion-clearfix\"><\/div><\/div>\n<\/article>\n<article id=\"blog-1-post-6399\" class=\"fusion-post-grid post-6399 post type-post status-publish format-standard has-post-thumbnail hentry category-porady\">\n<div class=\"fusion-post-wrapper\" style=\"background-color:hsla(var(--awb-color1-h),var(--awb-color1-s),var(--awb-color1-l),calc(var(--awb-color1-a) - 100%));border:none;\">\n\n\t\t\t<div class=\"fusion-flexslider flexslider fusion-flexslider-loading fusion-post-slideshow\" style=\"border-color:hsla(var(--awb-color1-h),var(--awb-color1-s),var(--awb-color1-l),calc(var(--awb-color1-a) - 100%));\">\n\t\t<ul class=\"slides\">\n\t\t\t\n\t\t\t\t\t\t\t\t\t\t\t\t\t\t<li><div  class=\"fusion-image-wrapper\" aria-haspopup=\"true\">\n\t\t\t\t<img decoding=\"async\" width=\"800\" height=\"1000\" src=\"https:\/\/naree.pl\/blog\/wp-content\/uploads\/2025\/10\/glowne-800x1000pxgotowe-1.webp\" class=\"attachment-full size-full wp-post-image\" alt=\"\" srcset=\"https:\/\/naree.pl\/blog\/wp-content\/uploads\/2025\/10\/glowne-800x1000pxgotowe-1-200x250.webp 200w, https:\/\/naree.pl\/blog\/wp-content\/uploads\/2025\/10\/glowne-800x1000pxgotowe-1-400x500.webp 400w, https:\/\/naree.pl\/blog\/wp-content\/uploads\/2025\/10\/glowne-800x1000pxgotowe-1-600x750.webp 600w, https:\/\/naree.pl\/blog\/wp-content\/uploads\/2025\/10\/glowne-800x1000pxgotowe-1.webp 800w\" sizes=\"(min-width: 2200px) 100vw, (min-width: 784px) 387px, (min-width: 712px) 580px, (min-width: 640px) 712px, \" \/><div class=\"fusion-rollover\">\n\t<div class=\"fusion-rollover-content\">\n\n\t\t\t\t\n\t\t\n\t\t\t\t\t\t\t\t\t\t\t\t<h4 class=\"fusion-rollover-title\">\n\t\t\t\t\t<a class=\"fusion-rollover-title-link\" href=\"https:\/\/naree.pl\/blog\/styl-streetwear\/\">\n\t\t\t\t\t\tStyl streetwear &#8211; co to jest i jak tworzy\u0107 stylizacje damskie streetwear?\t\t\t\t\t<\/a>\n\t\t\t\t<\/h4>\n\t\t\t\n\t\t\t\t\t\t\t\t\t\t<div class=\"fusion-rollover-categories\"><a href=\"https:\/\/naree.pl\/blog\/category\/porady\/\" rel=\"tag\">Porady<\/a><\/div>\t\t\t\t\t\n\t\t\n\t\t\t\t\t\t<a class=\"fusion-link-wrapper\" href=\"https:\/\/naree.pl\/blog\/styl-streetwear\/\" aria-label=\"Styl streetwear &#8211; co to jest i jak tworzy\u0107 stylizacje damskie streetwear?\"><\/a>\n\t<\/div>\n<\/div>\n<\/div>\n<\/li>\n\t\t\t\n\t\t\t\n\t\t\t\t\t\t\t\t<\/ul>\n\t<\/div>\n\t<div class=\"fusion-post-content-wrapper\" style=\"padding:30px 25px 25px 25px;\"><div class=\"fusion-post-content post-content\"><h2 class=\"blog-shortcode-post-title entry-title\"><a href=\"https:\/\/naree.pl\/blog\/styl-streetwear\/\">Styl streetwear &#8211; co to jest i jak tworzy\u0107 stylizacje damskie streetwear?<\/a><\/h2><p class=\"fusion-single-line-meta\"><span class=\"vcard\" style=\"display: none;\"><span class=\"fn\"><a href=\"https:\/\/naree.pl\/blog\/author\/justyna-goreckanaree-pl\/\" title=\"Wpisy od Justyna G\u00f3recka\" rel=\"author\">Justyna G\u00f3recka<\/a><\/span><\/span><span class=\"updated\" style=\"display:none;\">2025-10-03T10:28:46+02:00<\/span><span>3 pa\u017adziernika, 2025<\/span><span class=\"fusion-inline-sep\">|<\/span><a href=\"https:\/\/naree.pl\/blog\/category\/porady\/\" rel=\"category tag\">Porady<\/a><span class=\"fusion-inline-sep\">|<\/span><\/p><div class=\"fusion-content-sep sep-none\"><\/div><div class=\"fusion-post-content-container\"><p>          Od kalifornijskich pla\u017c po polskie ulice - styl streetwear przekszta\u0142ci\u0142 si\u0119 z niszowej subkultury w globalny fenomen modowy wart 334 miliardy dolar\u00f3w. Obecnie jest popularny na ca\u0142ym \u015bwiecie, zdobywaj\u0105c uznanie w\u015br\u00f3d r\u00f3\u017cnych kultur i \u015brodowisk. Dla wielu mi\u0142o\u015bnik\u00f3w mody ulicznej, ubrania staj\u0105 si\u0119 p\u0142\u00f3tnem dla kreatywno\u015bci i indywidualizmu, a miejski [...]<\/p><\/div><\/div><\/div><div class=\"fusion-clearfix\"><\/div><\/div>\n<\/article>\n<div class=\"fusion-clearfix\"><\/div><\/div><div class=\"pagination clearfix\"><span class=\"current\">1<\/span><a href=\"https:\/\/naree.pl\/blog\/wp-json\/wp\/v2\/pages\/1545\/page\/2\/\" class=\"inactive\">2<\/a><a class=\"pagination-next\" rel=\"next\" href=\"https:\/\/naree.pl\/blog\/wp-json\/wp\/v2\/pages\/1545\/page\/2\/\"><span class=\"page-text\">Kolejny<\/span><span class=\"page-next\"><\/span><\/a><\/div><div class=\"fusion-clearfix\"><\/div><\/div><\/div><\/div><\/div><\/div>\n","protected":false},"excerpt":{"rendered":"<p>hide<\/p>\n","protected":false},"author":1,"featured_media":0,"parent":0,"menu_order":0,"comment_status":"closed","ping_status":"closed","template":"100-width.php","meta":{"_acf_changed":false,"footnotes":""},"class_list":["post-1545","page","type-page","status-publish","hentry"],"acf":[],"yoast_head":"<!-- This site is optimized with the Yoast SEO plugin v27.4 - https:\/\/yoast.com\/product\/yoast-seo-wordpress\/ -->\n<title>blog - Naree Blog<\/title>\n<meta name=\"description\" content=\"W Naree bardzo du\u017co si\u0119 dzieje! Nasz blog pozwoli nam by\u0107 jeszcze bli\u017cej Was i pokaza\u0107 kulisy naszej pracy.\" \/>\n<meta name=\"robots\" content=\"index, follow, max-snippet:-1, max-image-preview:large, max-video-preview:-1\" \/>\n<link rel=\"canonical\" href=\"https:\/\/naree.pl\/blog\/blog\/\" \/>\n<meta property=\"og:locale\" content=\"pl_PL\" \/>\n<meta property=\"og:type\" content=\"article\" \/>\n<meta property=\"og:title\" content=\"blog - Naree Blog\" \/>\n<meta property=\"og:description\" content=\"W Naree bardzo du\u017co si\u0119 dzieje! Nasz blog pozwoli nam by\u0107 jeszcze bli\u017cej Was i pokaza\u0107 kulisy naszej pracy.\" \/>\n<meta property=\"og:url\" content=\"https:\/\/naree.pl\/blog\/blog\/\" \/>\n<meta property=\"og:site_name\" content=\"Naree Blog\" \/>\n<meta property=\"article:publisher\" content=\"https:\/\/www.facebook.com\/nareepl\" \/>\n<meta property=\"article:modified_time\" content=\"2025-03-11T13:45:35+00:00\" \/>\n<meta name=\"twitter:card\" content=\"summary_large_image\" \/>\n<meta name=\"twitter:label1\" content=\"Szacowany czas czytania\" \/>\n\t<meta name=\"twitter:data1\" content=\"15 minut\" \/>\n<script type=\"application\/ld+json\" class=\"yoast-schema-graph\">{\"@context\":\"https:\\\/\\\/schema.org\",\"@graph\":[{\"@type\":\"WebPage\",\"@id\":\"https:\\\/\\\/naree.pl\\\/blog\\\/blog\\\/\",\"url\":\"https:\\\/\\\/naree.pl\\\/blog\\\/blog\\\/\",\"name\":\"blog - Naree Blog\",\"isPartOf\":{\"@id\":\"https:\\\/\\\/naree.pl\\\/blog\\\/#website\"},\"datePublished\":\"2023-03-30T13:28:16+00:00\",\"dateModified\":\"2025-03-11T13:45:35+00:00\",\"description\":\"W Naree bardzo du\u017co si\u0119 dzieje! Nasz blog pozwoli nam by\u0107 jeszcze bli\u017cej Was i pokaza\u0107 kulisy naszej pracy.\",\"breadcrumb\":{\"@id\":\"https:\\\/\\\/naree.pl\\\/blog\\\/blog\\\/#breadcrumb\"},\"inLanguage\":\"pl-PL\",\"potentialAction\":[{\"@type\":\"ReadAction\",\"target\":[\"https:\\\/\\\/naree.pl\\\/blog\\\/blog\\\/\"]}]},{\"@type\":\"BreadcrumbList\",\"@id\":\"https:\\\/\\\/naree.pl\\\/blog\\\/blog\\\/#breadcrumb\",\"itemListElement\":[{\"@type\":\"ListItem\",\"position\":1,\"name\":\"Home\",\"item\":\"https:\\\/\\\/naree.pl\\\/blog\\\/\"},{\"@type\":\"ListItem\",\"position\":2,\"name\":\"blog\"}]},{\"@type\":\"WebSite\",\"@id\":\"https:\\\/\\\/naree.pl\\\/blog\\\/#website\",\"url\":\"https:\\\/\\\/naree.pl\\\/blog\\\/\",\"name\":\"Naree Blog\",\"description\":\"\",\"potentialAction\":[{\"@type\":\"SearchAction\",\"target\":{\"@type\":\"EntryPoint\",\"urlTemplate\":\"https:\\\/\\\/naree.pl\\\/blog\\\/?s={search_term_string}\"},\"query-input\":{\"@type\":\"PropertyValueSpecification\",\"valueRequired\":true,\"valueName\":\"search_term_string\"}}],\"inLanguage\":\"pl-PL\"}]}<\/script>\n<!-- \/ Yoast SEO plugin. -->","yoast_head_json":{"title":"blog - Naree Blog","description":"W Naree bardzo du\u017co si\u0119 dzieje! Nasz blog pozwoli nam by\u0107 jeszcze bli\u017cej Was i pokaza\u0107 kulisy naszej pracy.","robots":{"index":"index","follow":"follow","max-snippet":"max-snippet:-1","max-image-preview":"max-image-preview:large","max-video-preview":"max-video-preview:-1"},"canonical":"https:\/\/naree.pl\/blog\/blog\/","og_locale":"pl_PL","og_type":"article","og_title":"blog - Naree Blog","og_description":"W Naree bardzo du\u017co si\u0119 dzieje! Nasz blog pozwoli nam by\u0107 jeszcze bli\u017cej Was i pokaza\u0107 kulisy naszej pracy.","og_url":"https:\/\/naree.pl\/blog\/blog\/","og_site_name":"Naree Blog","article_publisher":"https:\/\/www.facebook.com\/nareepl","article_modified_time":"2025-03-11T13:45:35+00:00","twitter_card":"summary_large_image","twitter_misc":{"Szacowany czas czytania":"15 minut"},"schema":{"@context":"https:\/\/schema.org","@graph":[{"@type":"WebPage","@id":"https:\/\/naree.pl\/blog\/blog\/","url":"https:\/\/naree.pl\/blog\/blog\/","name":"blog - Naree Blog","isPartOf":{"@id":"https:\/\/naree.pl\/blog\/#website"},"datePublished":"2023-03-30T13:28:16+00:00","dateModified":"2025-03-11T13:45:35+00:00","description":"W Naree bardzo du\u017co si\u0119 dzieje! Nasz blog pozwoli nam by\u0107 jeszcze bli\u017cej Was i pokaza\u0107 kulisy naszej pracy.","breadcrumb":{"@id":"https:\/\/naree.pl\/blog\/blog\/#breadcrumb"},"inLanguage":"pl-PL","potentialAction":[{"@type":"ReadAction","target":["https:\/\/naree.pl\/blog\/blog\/"]}]},{"@type":"BreadcrumbList","@id":"https:\/\/naree.pl\/blog\/blog\/#breadcrumb","itemListElement":[{"@type":"ListItem","position":1,"name":"Home","item":"https:\/\/naree.pl\/blog\/"},{"@type":"ListItem","position":2,"name":"blog"}]},{"@type":"WebSite","@id":"https:\/\/naree.pl\/blog\/#website","url":"https:\/\/naree.pl\/blog\/","name":"Naree Blog","description":"","potentialAction":[{"@type":"SearchAction","target":{"@type":"EntryPoint","urlTemplate":"https:\/\/naree.pl\/blog\/?s={search_term_string}"},"query-input":{"@type":"PropertyValueSpecification","valueRequired":true,"valueName":"search_term_string"}}],"inLanguage":"pl-PL"}]}},"_links":{"self":[{"href":"https:\/\/naree.pl\/blog\/wp-json\/wp\/v2\/pages\/1545","targetHints":{"allow":["GET"]}}],"collection":[{"href":"https:\/\/naree.pl\/blog\/wp-json\/wp\/v2\/pages"}],"about":[{"href":"https:\/\/naree.pl\/blog\/wp-json\/wp\/v2\/types\/page"}],"author":[{"embeddable":true,"href":"https:\/\/naree.pl\/blog\/wp-json\/wp\/v2\/users\/1"}],"replies":[{"embeddable":true,"href":"https:\/\/naree.pl\/blog\/wp-json\/wp\/v2\/comments?post=1545"}],"version-history":[{"count":6,"href":"https:\/\/naree.pl\/blog\/wp-json\/wp\/v2\/pages\/1545\/revisions"}],"predecessor-version":[{"id":4961,"href":"https:\/\/naree.pl\/blog\/wp-json\/wp\/v2\/pages\/1545\/revisions\/4961"}],"wp:attachment":[{"href":"https:\/\/naree.pl\/blog\/wp-json\/wp\/v2\/media?parent=1545"}],"curies":[{"name":"wp","href":"https:\/\/api.w.org\/{rel}","templated":true}]}}